{"id":6650,"date":"2025-04-03T08:02:58","date_gmt":"2025-04-03T06:02:58","guid":{"rendered":"https:\/\/pasapas.es\/ninos-y-jovenes\/"},"modified":"2025-05-09T08:24:47","modified_gmt":"2025-05-09T06:24:47","slug":"ninos-y-jovenes","status":"publish","type":"page","link":"https:\/\/pasapas.es\/es\/ninos-y-jovenes\/","title":{"rendered":"Ni\u00f1os y j\u00f3venes"},"content":{"rendered":"\t\t<div data-elementor-type=\"wp-page\" data-elementor-id=\"6650\" class=\"elementor elementor-6650 elementor-6516\">\n\t\t\t\t\t\t<section class=\"elementor-section elementor-top-section elementor-element elementor-element-c177fe8 elementor-section-boxed elementor-section-height-default elementor-section-height-default\" data-id=\"c177fe8\" data-element_type=\"section\">\n\t\t\t\t\t\t<div class=\"elementor-container elementor-column-gap-default\">\n\t\t\t\t\t<div class=\"elementor-column elementor-col-100 elementor-top-column elementor-element elementor-element-50ae07a\" data-id=\"50ae07a\" data-element_type=\"column\">\n\t\t\t<div class=\"elementor-widget-wrap elementor-element-populated\">\n\t\t\t\t\t\t<div class=\"elementor-element elementor-element-6ceccbf elementor-widget elementor-widget-heading\" data-id=\"6ceccbf\" data-element_type=\"widget\" data-widget_type=\"heading.default\">\n\t\t\t\t<div class=\"elementor-widget-container\">\n\t\t\t\t\t<h2 class=\"elementor-heading-title elementor-size-default\">Servicios para ni\u00f1os y j\u00f3venes<\/h2>\t\t\t\t<\/div>\n\t\t\t\t<\/div>\n\t\t\t\t<div class=\"elementor-element elementor-element-2b60b02 elementor-widget elementor-widget-accordion\" data-id=\"2b60b02\" data-element_type=\"widget\" data-widget_type=\"accordion.default\">\n\t\t\t\t<div class=\"elementor-widget-container\">\n\t\t\t\t\t\t\t<div class=\"elementor-accordion\">\n\t\t\t\t\t\t\t<div class=\"elementor-accordion-item\">\n\t\t\t\t\t<div id=\"elementor-tab-title-4541\" class=\"elementor-tab-title\" data-tab=\"1\" role=\"button\" aria-controls=\"elementor-tab-content-4541\" aria-expanded=\"false\">\n\t\t\t\t\t\t\t\t\t\t\t\t\t<span class=\"elementor-accordion-icon elementor-accordion-icon-right\" aria-hidden=\"true\">\n\t\t\t\t\t\t\t\t\t\t\t\t\t\t\t<span class=\"elementor-accordion-icon-closed\"><svg class=\"e-font-icon-svg e-fas-chevron-down\" viewBox=\"0 0 448 512\" xmlns=\"http:\/\/www.w3.org\/2000\/svg\"><path d=\"M207.029 381.476L12.686 187.132c-9.373-9.373-9.373-24.569 0-33.941l22.667-22.667c9.357-9.357 24.522-9.375 33.901-.04L224 284.505l154.745-154.021c9.379-9.335 24.544-9.317 33.901.04l22.667 22.667c9.373 9.373 9.373 24.569 0 33.941L240.971 381.476c-9.373 9.372-24.569 9.372-33.942 0z\"><\/path><\/svg><\/span>\n\t\t\t\t\t\t\t\t<span class=\"elementor-accordion-icon-opened\"><svg class=\"e-font-icon-svg e-fas-chevron-up\" viewBox=\"0 0 448 512\" xmlns=\"http:\/\/www.w3.org\/2000\/svg\"><path d=\"M240.971 130.524l194.343 194.343c9.373 9.373 9.373 24.569 0 33.941l-22.667 22.667c-9.357 9.357-24.522 9.375-33.901.04L224 227.495 69.255 381.516c-9.379 9.335-24.544 9.317-33.901-.04l-22.667-22.667c-9.373-9.373-9.373-24.569 0-33.941L207.03 130.525c9.372-9.373 24.568-9.373 33.941-.001z\"><\/path><\/svg><\/span>\n\t\t\t\t\t\t\t\t\t\t\t\t\t\t<\/span>\n\t\t\t\t\t\t\t\t\t\t\t\t<a class=\"elementor-accordion-title\" tabindex=\"0\">Atenci\u00f3n temprana<\/a>\n\t\t\t\t\t<\/div>\n\t\t\t\t\t<div id=\"elementor-tab-content-4541\" class=\"elementor-tab-content elementor-clearfix\" data-tab=\"1\" role=\"region\" aria-labelledby=\"elementor-tab-title-4541\"><p>Juegos y otras actividades pueden potenciar al m\u00e1ximo y\/o mejorar las capacidades cognitivas y socioafectivas del ni\u00f1o de 0 a 6 a\u00f1os.<\/p>\n<h5><strong>\u00bfEn qu\u00e9 casos?<\/strong><img fetchpriority=\"high\" decoding=\"async\" class=\"size-medium wp-image-6521 alignright\" style=\"color: #707070; font-weight: 400; font-size: 18px;\" src=\"https:\/\/pasapas.es\/wp-content\/uploads\/2025\/04\/lenguajenp2_720-1-300x198.jpg\" alt=\"\" width=\"300\" height=\"198\" srcset=\"https:\/\/pasapas.es\/wp-content\/uploads\/2025\/04\/lenguajenp2_720-1-300x198.jpg 300w, https:\/\/pasapas.es\/wp-content\/uploads\/2025\/04\/lenguajenp2_720-1.jpg 704w\" sizes=\"(max-width: 300px) 100vw, 300px\" \/><\/h5>\n<ul>\n<li>Si se observa retraso madurativo.<\/li>\n<li>Prematuridad.<\/li>\n<li>Enfermedades cong\u00e9nitas.<\/li>\n<li>Retraso en el habla y lenguaje.<\/li>\n<li>Dificultades motrices, etc.<\/li>\n<\/ul>\n<\/div>\n\t\t\t\t<\/div>\n\t\t\t\t\t\t\t<div class=\"elementor-accordion-item\">\n\t\t\t\t\t<div id=\"elementor-tab-title-4542\" class=\"elementor-tab-title\" data-tab=\"2\" role=\"button\" aria-controls=\"elementor-tab-content-4542\" aria-expanded=\"false\">\n\t\t\t\t\t\t\t\t\t\t\t\t\t<span class=\"elementor-accordion-icon elementor-accordion-icon-right\" aria-hidden=\"true\">\n\t\t\t\t\t\t\t\t\t\t\t\t\t\t\t<span class=\"elementor-accordion-icon-closed\"><svg class=\"e-font-icon-svg e-fas-chevron-down\" viewBox=\"0 0 448 512\" xmlns=\"http:\/\/www.w3.org\/2000\/svg\"><path d=\"M207.029 381.476L12.686 187.132c-9.373-9.373-9.373-24.569 0-33.941l22.667-22.667c9.357-9.357 24.522-9.375 33.901-.04L224 284.505l154.745-154.021c9.379-9.335 24.544-9.317 33.901.04l22.667 22.667c9.373 9.373 9.373 24.569 0 33.941L240.971 381.476c-9.373 9.372-24.569 9.372-33.942 0z\"><\/path><\/svg><\/span>\n\t\t\t\t\t\t\t\t<span class=\"elementor-accordion-icon-opened\"><svg class=\"e-font-icon-svg e-fas-chevron-up\" viewBox=\"0 0 448 512\" xmlns=\"http:\/\/www.w3.org\/2000\/svg\"><path d=\"M240.971 130.524l194.343 194.343c9.373 9.373 9.373 24.569 0 33.941l-22.667 22.667c-9.357 9.357-24.522 9.375-33.901.04L224 227.495 69.255 381.516c-9.379 9.335-24.544 9.317-33.901-.04l-22.667-22.667c-9.373-9.373-9.373-24.569 0-33.941L207.03 130.525c9.372-9.373 24.568-9.373 33.941-.001z\"><\/path><\/svg><\/span>\n\t\t\t\t\t\t\t\t\t\t\t\t\t\t<\/span>\n\t\t\t\t\t\t\t\t\t\t\t\t<a class=\"elementor-accordion-title\" tabindex=\"0\">Psicolog\u00eda infantojuvenil<\/a>\n\t\t\t\t\t<\/div>\n\t\t\t\t\t<div id=\"elementor-tab-content-4542\" class=\"elementor-tab-content elementor-clearfix\" data-tab=\"2\" role=\"region\" aria-labelledby=\"elementor-tab-title-4542\"><p>Valoraci\u00f3n, diagn\u00f3stico e intervenci\u00f3n dirigida a ni\u00f1os que presentan problemas cognitivos, emocionales, de conducta y aprendizaje.<\/p>\n<p><img decoding=\"async\" class=\"alignright wp-image-6523 size-medium\" src=\"https:\/\/pasapas.es\/wp-content\/uploads\/2025\/04\/psicologia_infantojuvenil-211x300.png\" alt=\"psicolog\u00eda infantojuvenil\" width=\"211\" height=\"300\" srcset=\"https:\/\/pasapas.es\/wp-content\/uploads\/2025\/04\/psicologia_infantojuvenil-211x300.png 211w, https:\/\/pasapas.es\/wp-content\/uploads\/2025\/04\/psicologia_infantojuvenil.png 612w\" sizes=\"(max-width: 211px) 100vw, 211px\" \/><\/p>\n<h5>\u00bfEn qu\u00e9 casos?<\/h5>\n<ul>\n<li>Tristeza, depresi\u00f3n, duelos&#8230;<\/li>\n<li>Ansiedad (miedos, obsesiones, fobias&#8230;).<\/li>\n<li>Adaptaci\u00f3n y acomodaci\u00f3n en los procesos de adopci\u00f3n.<\/li>\n<li>Trastornos del sue\u00f1o, pesadillas, terrores nocturnos.<\/li>\n<li>Trastornos de la eliminaci\u00f3n (enuresis, encopresis).<\/li>\n<li>Trastornos del aprendizaje. TDAH, altas capacidades y<br \/> tratamiento de las consecuencias emocionales de \u00e9stos. <\/li>\n<\/ul>\n<\/div>\n\t\t\t\t<\/div>\n\t\t\t\t\t\t\t<div class=\"elementor-accordion-item\">\n\t\t\t\t\t<div id=\"elementor-tab-title-4543\" class=\"elementor-tab-title\" data-tab=\"3\" role=\"button\" aria-controls=\"elementor-tab-content-4543\" aria-expanded=\"false\">\n\t\t\t\t\t\t\t\t\t\t\t\t\t<span class=\"elementor-accordion-icon elementor-accordion-icon-right\" aria-hidden=\"true\">\n\t\t\t\t\t\t\t\t\t\t\t\t\t\t\t<span class=\"elementor-accordion-icon-closed\"><svg class=\"e-font-icon-svg e-fas-chevron-down\" viewBox=\"0 0 448 512\" xmlns=\"http:\/\/www.w3.org\/2000\/svg\"><path d=\"M207.029 381.476L12.686 187.132c-9.373-9.373-9.373-24.569 0-33.941l22.667-22.667c9.357-9.357 24.522-9.375 33.901-.04L224 284.505l154.745-154.021c9.379-9.335 24.544-9.317 33.901.04l22.667 22.667c9.373 9.373 9.373 24.569 0 33.941L240.971 381.476c-9.373 9.372-24.569 9.372-33.942 0z\"><\/path><\/svg><\/span>\n\t\t\t\t\t\t\t\t<span class=\"elementor-accordion-icon-opened\"><svg class=\"e-font-icon-svg e-fas-chevron-up\" viewBox=\"0 0 448 512\" xmlns=\"http:\/\/www.w3.org\/2000\/svg\"><path d=\"M240.971 130.524l194.343 194.343c9.373 9.373 9.373 24.569 0 33.941l-22.667 22.667c-9.357 9.357-24.522 9.375-33.901.04L224 227.495 69.255 381.516c-9.379 9.335-24.544 9.317-33.901-.04l-22.667-22.667c-9.373-9.373-9.373-24.569 0-33.941L207.03 130.525c9.372-9.373 24.568-9.373 33.941-.001z\"><\/path><\/svg><\/span>\n\t\t\t\t\t\t\t\t\t\t\t\t\t\t<\/span>\n\t\t\t\t\t\t\t\t\t\t\t\t<a class=\"elementor-accordion-title\" tabindex=\"0\">Psicolog\u00eda educativa y pedadog\u00eda<\/a>\n\t\t\t\t\t<\/div>\n\t\t\t\t\t<div id=\"elementor-tab-content-4543\" class=\"elementor-tab-content elementor-clearfix\" data-tab=\"3\" role=\"region\" aria-labelledby=\"elementor-tab-title-4543\"><p>Detecci\u00f3n, diagn\u00f3stico e intervenci\u00f3n de las di\ufb01cultades en los aprendizajes escolares.<\/p>\n<p><img decoding=\"async\" class=\"alignright wp-image-6533 \" style=\"font-size: 18px;\" src=\"https:\/\/pasapas.es\/wp-content\/uploads\/2025\/04\/tdha-pas-a-pas-1-211x300.png\" alt=\"tdha-pas-a-pas-1\" width=\"102\" height=\"145\" srcset=\"https:\/\/pasapas.es\/wp-content\/uploads\/2025\/04\/tdha-pas-a-pas-1-211x300.png 211w, https:\/\/pasapas.es\/wp-content\/uploads\/2025\/04\/tdha-pas-a-pas-1.png 604w\" sizes=\"(max-width: 102px) 100vw, 102px\" \/><\/p>\n<p><span style=\"color: #050020; font-weight: bold;\">\u00bfEn qu\u00e9 casos?<\/span><\/p>\n<ul>\n<li>\n<p>Dificultades de aprendizaje de la escritura (disortograf\u00eda, disgraf\u00eda, etc.)<\/p>\n<\/li>\n<li>\n<p>Dificultades de aprendizaje de la lectura.<\/p>\n<\/li>\n<li>\n<p>Discalculia, dificultades en el aprendizaje del c\u00e1lculo.<\/p>\n<\/li>\n<li>\n<p>Dificultades resoluci\u00f3n de problemas y\/o razonamiento l\u00f3gico.<\/p>\n<\/li>\n<li>\n<p>Dislexia.<\/p>\n<\/li>\n<li>\n<p>TDAH.<\/p>\n<\/li>\n<\/ul>\n<\/div>\n\t\t\t\t<\/div>\n\t\t\t\t\t\t\t<div class=\"elementor-accordion-item\">\n\t\t\t\t\t<div id=\"elementor-tab-title-4544\" class=\"elementor-tab-title\" data-tab=\"4\" role=\"button\" aria-controls=\"elementor-tab-content-4544\" aria-expanded=\"false\">\n\t\t\t\t\t\t\t\t\t\t\t\t\t<span class=\"elementor-accordion-icon elementor-accordion-icon-right\" aria-hidden=\"true\">\n\t\t\t\t\t\t\t\t\t\t\t\t\t\t\t<span class=\"elementor-accordion-icon-closed\"><svg class=\"e-font-icon-svg e-fas-chevron-down\" viewBox=\"0 0 448 512\" xmlns=\"http:\/\/www.w3.org\/2000\/svg\"><path d=\"M207.029 381.476L12.686 187.132c-9.373-9.373-9.373-24.569 0-33.941l22.667-22.667c9.357-9.357 24.522-9.375 33.901-.04L224 284.505l154.745-154.021c9.379-9.335 24.544-9.317 33.901.04l22.667 22.667c9.373 9.373 9.373 24.569 0 33.941L240.971 381.476c-9.373 9.372-24.569 9.372-33.942 0z\"><\/path><\/svg><\/span>\n\t\t\t\t\t\t\t\t<span class=\"elementor-accordion-icon-opened\"><svg class=\"e-font-icon-svg e-fas-chevron-up\" viewBox=\"0 0 448 512\" xmlns=\"http:\/\/www.w3.org\/2000\/svg\"><path d=\"M240.971 130.524l194.343 194.343c9.373 9.373 9.373 24.569 0 33.941l-22.667 22.667c-9.357 9.357-24.522 9.375-33.901.04L224 227.495 69.255 381.516c-9.379 9.335-24.544 9.317-33.901-.04l-22.667-22.667c-9.373-9.373-9.373-24.569 0-33.941L207.03 130.525c9.372-9.373 24.568-9.373 33.941-.001z\"><\/path><\/svg><\/span>\n\t\t\t\t\t\t\t\t\t\t\t\t\t\t<\/span>\n\t\t\t\t\t\t\t\t\t\t\t\t<a class=\"elementor-accordion-title\" tabindex=\"0\">Logopedia<\/a>\n\t\t\t\t\t<\/div>\n\t\t\t\t\t<div id=\"elementor-tab-content-4544\" class=\"elementor-tab-content elementor-clearfix\" data-tab=\"4\" role=\"region\" aria-labelledby=\"elementor-tab-title-4544\"><p>Tratamiento de las alteraciones del habla, el lenguaje y la comunicaci\u00f3n.<\/p>\n<p><img loading=\"lazy\" decoding=\"async\" class=\"alignright wp-image-6535 size-medium\" src=\"https:\/\/pasapas.es\/wp-content\/uploads\/2025\/04\/logopedia-211x300.png\" alt=\"logopedia Paso a Paso\" width=\"211\" height=\"300\" srcset=\"https:\/\/pasapas.es\/wp-content\/uploads\/2025\/04\/logopedia-211x300.png 211w, https:\/\/pasapas.es\/wp-content\/uploads\/2025\/04\/logopedia.png 542w\" sizes=\"(max-width: 211px) 100vw, 211px\" \/><\/p>\n<h5>\u00bfEn qu\u00e9 casos?<\/h5>\n<ul>\n<li>\n<p>Retrasos en el lenguaje, problemas de voz, degluci\u00f3n at\u00edpica, dislalias, etc.<\/p>\n<\/li>\n<li>\n<p>Prevenci\u00f3n, evaluaci\u00f3n y tratamiento de los trastornos de la comunicaci\u00f3n y el lenguaje.<\/p>\n<\/li>\n<li>\n<p>Retraso del lenguaje, dislalias.<\/p>\n<\/li>\n<li>\n<p>Trastornos espec\u00edficos del lenguaje (TEL)<\/p>\n<\/li>\n<li>\n<p>Trastornos del lenguaje asociados a d\u00e9ficit cognitivo,<\/p>\n<\/li>\n<li>\n<p>TGD o d\u00e9ficits sensoriales.<\/p>\n<\/li>\n<li>\n<p>PCI.<\/p>\n<\/li>\n<li>\n<p>Disfon\u00edas.<\/p>\n<\/li>\n<li>\n<p>Degluci\u00f3n at\u00edpica y otros trastornos orofaciales.<\/p>\n<\/li>\n<li>\n<p>Disfemia, trastornos de la fluidez del habla, mutismo selectivo.<\/p>\n<\/li>\n<\/ul>\n<\/div>\n\t\t\t\t<\/div>\n\t\t\t\t\t\t\t<div class=\"elementor-accordion-item\">\n\t\t\t\t\t<div id=\"elementor-tab-title-4545\" class=\"elementor-tab-title\" data-tab=\"5\" role=\"button\" aria-controls=\"elementor-tab-content-4545\" aria-expanded=\"false\">\n\t\t\t\t\t\t\t\t\t\t\t\t\t<span class=\"elementor-accordion-icon elementor-accordion-icon-right\" aria-hidden=\"true\">\n\t\t\t\t\t\t\t\t\t\t\t\t\t\t\t<span class=\"elementor-accordion-icon-closed\"><svg class=\"e-font-icon-svg e-fas-chevron-down\" viewBox=\"0 0 448 512\" xmlns=\"http:\/\/www.w3.org\/2000\/svg\"><path d=\"M207.029 381.476L12.686 187.132c-9.373-9.373-9.373-24.569 0-33.941l22.667-22.667c9.357-9.357 24.522-9.375 33.901-.04L224 284.505l154.745-154.021c9.379-9.335 24.544-9.317 33.901.04l22.667 22.667c9.373 9.373 9.373 24.569 0 33.941L240.971 381.476c-9.373 9.372-24.569 9.372-33.942 0z\"><\/path><\/svg><\/span>\n\t\t\t\t\t\t\t\t<span class=\"elementor-accordion-icon-opened\"><svg class=\"e-font-icon-svg e-fas-chevron-up\" viewBox=\"0 0 448 512\" xmlns=\"http:\/\/www.w3.org\/2000\/svg\"><path d=\"M240.971 130.524l194.343 194.343c9.373 9.373 9.373 24.569 0 33.941l-22.667 22.667c-9.357 9.357-24.522 9.375-33.901.04L224 227.495 69.255 381.516c-9.379 9.335-24.544 9.317-33.901-.04l-22.667-22.667c-9.373-9.373-9.373-24.569 0-33.941L207.03 130.525c9.372-9.373 24.568-9.373 33.941-.001z\"><\/path><\/svg><\/span>\n\t\t\t\t\t\t\t\t\t\t\t\t\t\t<\/span>\n\t\t\t\t\t\t\t\t\t\t\t\t<a class=\"elementor-accordion-title\" tabindex=\"0\">T\u00e9cnicas de estudio<\/a>\n\t\t\t\t\t<\/div>\n\t\t\t\t\t<div id=\"elementor-tab-content-4545\" class=\"elementor-tab-content elementor-clearfix\" data-tab=\"5\" role=\"region\" aria-labelledby=\"elementor-tab-title-4545\"><p>Para mejorar el rendimiento acad\u00e9mico y facilitar el acceso al aprendizaje a trav\u00e9s de h\u00e1bitos y t\u00e9cnicas de estudio.<\/p>\n<p><img loading=\"lazy\" decoding=\"async\" class=\"alignright wp-image-6537 size-medium\" src=\"https:\/\/pasapas.es\/wp-content\/uploads\/2025\/04\/tecniques_estudi_pasapas-212x300.jpg\" alt=\"T\u00e9cnicas estudio Paso a Paso\" width=\"212\" height=\"300\" srcset=\"https:\/\/pasapas.es\/wp-content\/uploads\/2025\/04\/tecniques_estudi_pasapas-212x300.jpg 212w, https:\/\/pasapas.es\/wp-content\/uploads\/2025\/04\/tecniques_estudi_pasapas.jpg 724w\" sizes=\"(max-width: 212px) 100vw, 212px\" \/><\/p>\n<h5>\u00bfQu\u00e9 trabajamos?<\/h5>\n<ul>\n<li>\n<p>Organizaci\u00f3n y planificaci\u00f3n por el estudio.<\/p>\n<\/li>\n<li>\n<p>Motivaci\u00f3n por el aprendizaje.<\/p>\n<\/li>\n<li>\n<p>Atenci\u00f3n, concentraci\u00f3n y memoria.<\/p>\n<\/li>\n<li>\n<p>Estrategias espec\u00edficas: subrayar, lectura comprensiva, resumen, memorizaci\u00f3n, repaso\u2026<\/p>\n<\/li>\n<li>\n<p>Relajaci\u00f3n.<\/p>\n<\/li>\n<\/ul>\n<\/div>\n\t\t\t\t<\/div>\n\t\t\t\t\t\t\t<div class=\"elementor-accordion-item\">\n\t\t\t\t\t<div id=\"elementor-tab-title-4546\" class=\"elementor-tab-title\" data-tab=\"6\" role=\"button\" aria-controls=\"elementor-tab-content-4546\" aria-expanded=\"false\">\n\t\t\t\t\t\t\t\t\t\t\t\t\t<span class=\"elementor-accordion-icon elementor-accordion-icon-right\" aria-hidden=\"true\">\n\t\t\t\t\t\t\t\t\t\t\t\t\t\t\t<span class=\"elementor-accordion-icon-closed\"><svg class=\"e-font-icon-svg e-fas-chevron-down\" viewBox=\"0 0 448 512\" xmlns=\"http:\/\/www.w3.org\/2000\/svg\"><path d=\"M207.029 381.476L12.686 187.132c-9.373-9.373-9.373-24.569 0-33.941l22.667-22.667c9.357-9.357 24.522-9.375 33.901-.04L224 284.505l154.745-154.021c9.379-9.335 24.544-9.317 33.901.04l22.667 22.667c9.373 9.373 9.373 24.569 0 33.941L240.971 381.476c-9.373 9.372-24.569 9.372-33.942 0z\"><\/path><\/svg><\/span>\n\t\t\t\t\t\t\t\t<span class=\"elementor-accordion-icon-opened\"><svg class=\"e-font-icon-svg e-fas-chevron-up\" viewBox=\"0 0 448 512\" xmlns=\"http:\/\/www.w3.org\/2000\/svg\"><path d=\"M240.971 130.524l194.343 194.343c9.373 9.373 9.373 24.569 0 33.941l-22.667 22.667c-9.357 9.357-24.522 9.375-33.901.04L224 227.495 69.255 381.516c-9.379 9.335-24.544 9.317-33.901-.04l-22.667-22.667c-9.373-9.373-9.373-24.569 0-33.941L207.03 130.525c9.372-9.373 24.568-9.373 33.941-.001z\"><\/path><\/svg><\/span>\n\t\t\t\t\t\t\t\t\t\t\t\t\t\t<\/span>\n\t\t\t\t\t\t\t\t\t\t\t\t<a class=\"elementor-accordion-title\" tabindex=\"0\">Orientaci\u00f3n vocacional y profesional<\/a>\n\t\t\t\t\t<\/div>\n\t\t\t\t\t<div id=\"elementor-tab-content-4546\" class=\"elementor-tab-content elementor-clearfix\" data-tab=\"6\" role=\"region\" aria-labelledby=\"elementor-tab-title-4546\"><p>Profundiza en el autoconocimiento, entiende mejor c\u00f3mo eres y reflexiona sobre qu\u00e9 quieres hacer, para determinar qu\u00e9 estudios o trabajos pueden proporcionarte mayor satisfacci\u00f3n:<\/p>\n<p><img loading=\"lazy\" decoding=\"async\" class=\"alignright wp-image-6542 size-medium\" src=\"https:\/\/pasapas.es\/wp-content\/uploads\/2025\/04\/orientacio_vocacional_pasapas-212x300.jpg\" alt=\"Orientaci\u00f3n vocacional Paso a Paso\" width=\"212\" height=\"300\" srcset=\"https:\/\/pasapas.es\/wp-content\/uploads\/2025\/04\/orientacio_vocacional_pasapas-212x300.jpg 212w, https:\/\/pasapas.es\/wp-content\/uploads\/2025\/04\/orientacio_vocacional_pasapas.jpg 724w\" sizes=\"(max-width: 212px) 100vw, 212px\" \/><\/p>\n<ul>\n<li>\n<p>EXPLORA en qu\u00e9 estudios y profesiones tienes potencial.<\/p>\n<\/li>\n<li>\n<p>CONOCE el sistema educativo, las titulaciones oficiales y todas las profesiones.<\/p>\n<\/li>\n<li>\n<p>RESUELVE todas tus dudas.<\/p>\n<\/li>\n<li>\n<p>No esperes a que nadie decide por ti. A partir de ahora, T\u00da ELIGES!<\/p>\n<\/li>\n<\/ul>\n<\/div>\n\t\t\t\t<\/div>\n\t\t\t\t\t\t\t\t<\/div>\n\t\t\t\t\t\t<\/div>\n\t\t\t\t<\/div>\n\t\t\t\t<div class=\"elementor-element elementor-element-636b104 elementor-align-center elementor-hidden-desktop elementor-hidden-tablet elementor-hidden-mobile elementor-widget elementor-widget-button\" data-id=\"636b104\" data-element_type=\"widget\" data-widget_type=\"button.default\">\n\t\t\t\t<div class=\"elementor-widget-container\">\n\t\t\t\t\t\t\t\t\t<div class=\"elementor-button-wrapper\">\n\t\t\t\t\t<a class=\"elementor-button elementor-button-link elementor-size-sm\" href=\"https:\/\/wp.creativegigstf.com\/zoomy\/contact-us\/\">\n\t\t\t\t\t\t<span class=\"elementor-button-content-wrapper\">\n\t\t\t\t\t\t\t\t\t<span class=\"elementor-button-text\">Add Your Questions<\/span>\n\t\t\t\t\t<\/span>\n\t\t\t\t\t<\/a>\n\t\t\t\t<\/div>\n\t\t\t\t\t\t\t\t<\/div>\n\t\t\t\t<\/div>\n\t\t\t\t\t<\/div>\n\t\t<\/div>\n\t\t\t\t\t<\/div>\n\t\t<\/section>\n\t\t\t\t<\/div>\n\t\t","protected":false},"excerpt":{"rendered":"<p>Servicios para ni\u00f1os y j\u00f3venes Atenci\u00f3n temprana Juegos y otras actividades pueden potenciar al m\u00e1ximo y\/o mejorar las capacidades cognitivas [&hellip;]<\/p>\n","protected":false},"author":1,"featured_media":0,"parent":0,"menu_order":0,"comment_status":"closed","ping_status":"closed","template":"","meta":{"_acf_changed":false,"footnotes":""},"class_list":["post-6650","page","type-page","status-publish","hentry"],"acf":[],"yoast_head":"<!-- This site is optimized with the Yoast SEO plugin v24.8 - https:\/\/yoast.com\/wordpress\/plugins\/seo\/ -->\n<title>Ni\u00f1os y j\u00f3venes - Pas a Pas<\/title>\n<meta name=\"description\" content=\"Inf\u00f3rmate y descubre con detalle todos los servicios que ofrecemos para los ni\u00f1os y la gente joven para su desarrollo y bienestar.\" \/>\n<meta name=\"robots\" content=\"index, follow, max-snippet:-1, max-image-preview:large, max-video-preview:-1\" \/>\n<link rel=\"canonical\" href=\"https:\/\/pasapas.es\/es\/ninos-y-jovenes\/\" \/>\n<meta property=\"og:locale\" content=\"es_ES\" \/>\n<meta property=\"og:type\" content=\"article\" \/>\n<meta property=\"og:title\" content=\"Ni\u00f1os y j\u00f3venes - Pas a Pas\" \/>\n<meta property=\"og:description\" content=\"Inf\u00f3rmate y descubre con detalle todos los servicios que ofrecemos para los ni\u00f1os y la gente joven para su desarrollo y bienestar.\" \/>\n<meta property=\"og:url\" content=\"https:\/\/pasapas.es\/es\/ninos-y-jovenes\/\" \/>\n<meta property=\"og:site_name\" content=\"Pas a Pas\" \/>\n<meta property=\"article:modified_time\" content=\"2025-05-09T06:24:47+00:00\" \/>\n<meta property=\"og:image\" content=\"https:\/\/pasapas.es\/wp-content\/uploads\/2025\/04\/lenguajenp2_720-1-300x198.jpg\" \/>\n<meta name=\"twitter:card\" content=\"summary_large_image\" \/>\n<meta name=\"twitter:label1\" content=\"Tiempo de lectura\" \/>\n\t<meta name=\"twitter:data1\" content=\"4 minutos\" \/>\n<script type=\"application\/ld+json\" class=\"yoast-schema-graph\">{\"@context\":\"https:\/\/schema.org\",\"@graph\":[{\"@type\":\"WebPage\",\"@id\":\"https:\/\/pasapas.es\/es\/ninos-y-jovenes\/\",\"url\":\"https:\/\/pasapas.es\/es\/ninos-y-jovenes\/\",\"name\":\"Ni\u00f1os y j\u00f3venes - Pas a Pas\",\"isPartOf\":{\"@id\":\"https:\/\/pasapas.es\/es\/#website\"},\"primaryImageOfPage\":{\"@id\":\"https:\/\/pasapas.es\/es\/ninos-y-jovenes\/#primaryimage\"},\"image\":{\"@id\":\"https:\/\/pasapas.es\/es\/ninos-y-jovenes\/#primaryimage\"},\"thumbnailUrl\":\"https:\/\/pasapas.es\/wp-content\/uploads\/2025\/04\/lenguajenp2_720-1-300x198.jpg\",\"datePublished\":\"2025-04-03T06:02:58+00:00\",\"dateModified\":\"2025-05-09T06:24:47+00:00\",\"description\":\"Inf\u00f3rmate y descubre con detalle todos los servicios que ofrecemos para los ni\u00f1os y la gente joven para su desarrollo y bienestar.\",\"breadcrumb\":{\"@id\":\"https:\/\/pasapas.es\/es\/ninos-y-jovenes\/#breadcrumb\"},\"inLanguage\":\"es\",\"potentialAction\":[{\"@type\":\"ReadAction\",\"target\":[\"https:\/\/pasapas.es\/es\/ninos-y-jovenes\/\"]}]},{\"@type\":\"ImageObject\",\"inLanguage\":\"es\",\"@id\":\"https:\/\/pasapas.es\/es\/ninos-y-jovenes\/#primaryimage\",\"url\":\"https:\/\/pasapas.es\/wp-content\/uploads\/2025\/04\/lenguajenp2_720-1-300x198.jpg\",\"contentUrl\":\"https:\/\/pasapas.es\/wp-content\/uploads\/2025\/04\/lenguajenp2_720-1-300x198.jpg\"},{\"@type\":\"BreadcrumbList\",\"@id\":\"https:\/\/pasapas.es\/es\/ninos-y-jovenes\/#breadcrumb\",\"itemListElement\":[{\"@type\":\"ListItem\",\"position\":1,\"name\":\"Portada\",\"item\":\"https:\/\/pasapas.es\/es\/inicio\/\"},{\"@type\":\"ListItem\",\"position\":2,\"name\":\"Ni\u00f1os y j\u00f3venes\"}]},{\"@type\":\"WebSite\",\"@id\":\"https:\/\/pasapas.es\/es\/#website\",\"url\":\"https:\/\/pasapas.es\/es\/\",\"name\":\"Pas a Pas\",\"description\":\"\",\"potentialAction\":[{\"@type\":\"SearchAction\",\"target\":{\"@type\":\"EntryPoint\",\"urlTemplate\":\"https:\/\/pasapas.es\/es\/?s={search_term_string}\"},\"query-input\":{\"@type\":\"PropertyValueSpecification\",\"valueRequired\":true,\"valueName\":\"search_term_string\"}}],\"inLanguage\":\"es\"}]}<\/script>\n<!-- \/ Yoast SEO plugin. -->","yoast_head_json":{"title":"Ni\u00f1os y j\u00f3venes - Pas a Pas","description":"Inf\u00f3rmate y descubre con detalle todos los servicios que ofrecemos para los ni\u00f1os y la gente joven para su desarrollo y bienestar.","robots":{"index":"index","follow":"follow","max-snippet":"max-snippet:-1","max-image-preview":"max-image-preview:large","max-video-preview":"max-video-preview:-1"},"canonical":"https:\/\/pasapas.es\/es\/ninos-y-jovenes\/","og_locale":"es_ES","og_type":"article","og_title":"Ni\u00f1os y j\u00f3venes - Pas a Pas","og_description":"Inf\u00f3rmate y descubre con detalle todos los servicios que ofrecemos para los ni\u00f1os y la gente joven para su desarrollo y bienestar.","og_url":"https:\/\/pasapas.es\/es\/ninos-y-jovenes\/","og_site_name":"Pas a Pas","article_modified_time":"2025-05-09T06:24:47+00:00","og_image":[{"url":"https:\/\/pasapas.es\/wp-content\/uploads\/2025\/04\/lenguajenp2_720-1-300x198.jpg","type":"","width":"","height":""}],"twitter_card":"summary_large_image","twitter_misc":{"Tiempo de lectura":"4 minutos"},"schema":{"@context":"https:\/\/schema.org","@graph":[{"@type":"WebPage","@id":"https:\/\/pasapas.es\/es\/ninos-y-jovenes\/","url":"https:\/\/pasapas.es\/es\/ninos-y-jovenes\/","name":"Ni\u00f1os y j\u00f3venes - Pas a Pas","isPartOf":{"@id":"https:\/\/pasapas.es\/es\/#website"},"primaryImageOfPage":{"@id":"https:\/\/pasapas.es\/es\/ninos-y-jovenes\/#primaryimage"},"image":{"@id":"https:\/\/pasapas.es\/es\/ninos-y-jovenes\/#primaryimage"},"thumbnailUrl":"https:\/\/pasapas.es\/wp-content\/uploads\/2025\/04\/lenguajenp2_720-1-300x198.jpg","datePublished":"2025-04-03T06:02:58+00:00","dateModified":"2025-05-09T06:24:47+00:00","description":"Inf\u00f3rmate y descubre con detalle todos los servicios que ofrecemos para los ni\u00f1os y la gente joven para su desarrollo y bienestar.","breadcrumb":{"@id":"https:\/\/pasapas.es\/es\/ninos-y-jovenes\/#breadcrumb"},"inLanguage":"es","potentialAction":[{"@type":"ReadAction","target":["https:\/\/pasapas.es\/es\/ninos-y-jovenes\/"]}]},{"@type":"ImageObject","inLanguage":"es","@id":"https:\/\/pasapas.es\/es\/ninos-y-jovenes\/#primaryimage","url":"https:\/\/pasapas.es\/wp-content\/uploads\/2025\/04\/lenguajenp2_720-1-300x198.jpg","contentUrl":"https:\/\/pasapas.es\/wp-content\/uploads\/2025\/04\/lenguajenp2_720-1-300x198.jpg"},{"@type":"BreadcrumbList","@id":"https:\/\/pasapas.es\/es\/ninos-y-jovenes\/#breadcrumb","itemListElement":[{"@type":"ListItem","position":1,"name":"Portada","item":"https:\/\/pasapas.es\/es\/inicio\/"},{"@type":"ListItem","position":2,"name":"Ni\u00f1os y j\u00f3venes"}]},{"@type":"WebSite","@id":"https:\/\/pasapas.es\/es\/#website","url":"https:\/\/pasapas.es\/es\/","name":"Pas a Pas","description":"","potentialAction":[{"@type":"SearchAction","target":{"@type":"EntryPoint","urlTemplate":"https:\/\/pasapas.es\/es\/?s={search_term_string}"},"query-input":{"@type":"PropertyValueSpecification","valueRequired":true,"valueName":"search_term_string"}}],"inLanguage":"es"}]}},"_links":{"self":[{"href":"https:\/\/pasapas.es\/es\/wp-json\/wp\/v2\/pages\/6650","targetHints":{"allow":["GET"]}}],"collection":[{"href":"https:\/\/pasapas.es\/es\/wp-json\/wp\/v2\/pages"}],"about":[{"href":"https:\/\/pasapas.es\/es\/wp-json\/wp\/v2\/types\/page"}],"author":[{"embeddable":true,"href":"https:\/\/pasapas.es\/es\/wp-json\/wp\/v2\/users\/1"}],"replies":[{"embeddable":true,"href":"https:\/\/pasapas.es\/es\/wp-json\/wp\/v2\/comments?post=6650"}],"version-history":[{"count":7,"href":"https:\/\/pasapas.es\/es\/wp-json\/wp\/v2\/pages\/6650\/revisions"}],"predecessor-version":[{"id":7152,"href":"https:\/\/pasapas.es\/es\/wp-json\/wp\/v2\/pages\/6650\/revisions\/7152"}],"wp:attachment":[{"href":"https:\/\/pasapas.es\/es\/wp-json\/wp\/v2\/media?parent=6650"}],"curies":[{"name":"wp","href":"https:\/\/api.w.org\/{rel}","templated":true}]}}