{"id":6646,"date":"2025-04-03T08:49:42","date_gmt":"2025-04-03T06:49:42","guid":{"rendered":"https:\/\/pasapas.es\/cursos\/"},"modified":"2025-05-09T09:00:16","modified_gmt":"2025-05-09T07:00:16","slug":"cursos","status":"publish","type":"page","link":"https:\/\/pasapas.es\/es\/cursos\/","title":{"rendered":"Cursos"},"content":{"rendered":"\t\t<div data-elementor-type=\"wp-page\" data-elementor-id=\"6646\" class=\"elementor elementor-6646 elementor-6558\">\n\t\t\t\t\t\t<section class=\"elementor-section elementor-top-section elementor-element elementor-element-c177fe8 elementor-section-boxed elementor-section-height-default elementor-section-height-default\" data-id=\"c177fe8\" data-element_type=\"section\">\n\t\t\t\t\t\t<div class=\"elementor-container elementor-column-gap-default\">\n\t\t\t\t\t<div class=\"elementor-column elementor-col-100 elementor-top-column elementor-element elementor-element-50ae07a\" data-id=\"50ae07a\" data-element_type=\"column\">\n\t\t\t<div class=\"elementor-widget-wrap elementor-element-populated\">\n\t\t\t\t\t\t<div class=\"elementor-element elementor-element-6ceccbf elementor-widget elementor-widget-heading\" data-id=\"6ceccbf\" data-element_type=\"widget\" data-widget_type=\"heading.default\">\n\t\t\t\t<div class=\"elementor-widget-container\">\n\t\t\t\t\t<h2 class=\"elementor-heading-title elementor-size-default\">Conferencias<\/h2>\t\t\t\t<\/div>\n\t\t\t\t<\/div>\n\t\t\t\t<div class=\"elementor-element elementor-element-2b60b02 elementor-widget elementor-widget-accordion\" data-id=\"2b60b02\" data-element_type=\"widget\" data-widget_type=\"accordion.default\">\n\t\t\t\t<div class=\"elementor-widget-container\">\n\t\t\t\t\t\t\t<div class=\"elementor-accordion\">\n\t\t\t\t\t\t\t<div class=\"elementor-accordion-item\">\n\t\t\t\t\t<div id=\"elementor-tab-title-4541\" class=\"elementor-tab-title\" data-tab=\"1\" role=\"button\" aria-controls=\"elementor-tab-content-4541\" aria-expanded=\"false\">\n\t\t\t\t\t\t\t\t\t\t\t\t\t<span class=\"elementor-accordion-icon elementor-accordion-icon-right\" aria-hidden=\"true\">\n\t\t\t\t\t\t\t\t\t\t\t\t\t\t\t<span class=\"elementor-accordion-icon-closed\"><svg class=\"e-font-icon-svg e-fas-chevron-down\" viewBox=\"0 0 448 512\" xmlns=\"http:\/\/www.w3.org\/2000\/svg\"><path d=\"M207.029 381.476L12.686 187.132c-9.373-9.373-9.373-24.569 0-33.941l22.667-22.667c9.357-9.357 24.522-9.375 33.901-.04L224 284.505l154.745-154.021c9.379-9.335 24.544-9.317 33.901.04l22.667 22.667c9.373 9.373 9.373 24.569 0 33.941L240.971 381.476c-9.373 9.372-24.569 9.372-33.942 0z\"><\/path><\/svg><\/span>\n\t\t\t\t\t\t\t\t<span class=\"elementor-accordion-icon-opened\"><svg class=\"e-font-icon-svg e-fas-chevron-up\" viewBox=\"0 0 448 512\" xmlns=\"http:\/\/www.w3.org\/2000\/svg\"><path d=\"M240.971 130.524l194.343 194.343c9.373 9.373 9.373 24.569 0 33.941l-22.667 22.667c-9.357 9.357-24.522 9.375-33.901.04L224 227.495 69.255 381.516c-9.379 9.335-24.544 9.317-33.901-.04l-22.667-22.667c-9.373-9.373-9.373-24.569 0-33.941L207.03 130.525c9.372-9.373 24.568-9.373 33.941-.001z\"><\/path><\/svg><\/span>\n\t\t\t\t\t\t\t\t\t\t\t\t\t\t<\/span>\n\t\t\t\t\t\t\t\t\t\t\t\t<a class=\"elementor-accordion-title\" tabindex=\"0\">La familia<\/a>\n\t\t\t\t\t<\/div>\n\t\t\t\t\t<div id=\"elementor-tab-content-4541\" class=\"elementor-tab-content elementor-clearfix\" data-tab=\"1\" role=\"region\" aria-labelledby=\"elementor-tab-title-4541\"><p>Hablaremos de la importancia que tiene la familia para el desarrollo afectivo, cognitivo, psicomotor y social de los m\u00e1s peque\u00f1os; partiremos de la necesidad de conocernos primero a nosotros mismos, de conocer a nuestros hijos e hijas, de aprender a dar respuesta a las necesidades de los hijos\/se, y a las propias. Hablaremos del llanto. Y para acabar, veremos la importancia de crear h\u00e1bitos como herramienta fundamental para conseguir todo esto, pero tambi\u00e9n a saber ser flexibles con los mismos.<\/p><p>Los objetivos para este primer encuentro ser\u00e1n:<\/p><ol><li>Reconocer la importancia de la familia para el desarrollo de vuestro ni\u00f1o.<\/li><li>Aprender a conoceros como familia y a aceptar vuestras particularidades.<\/li><li>Aprender a conocer qu\u00e9 os est\u00e1 pidiendo vuestro hijo a trav\u00e9s del llanto.<\/li><li>Aprender a dar respuesta a las necesidades de vuestro ni\u00f1o.<\/li><li>Aprender la importancia de crear h\u00e1bitos que os facilite vuestra tarea.<\/li><\/ol><p>Destinatarios: padres y madres con ni\u00f1os de 0 a 6 a\u00f1os.<\/p><\/div>\n\t\t\t\t<\/div>\n\t\t\t\t\t\t\t<div class=\"elementor-accordion-item\">\n\t\t\t\t\t<div id=\"elementor-tab-title-4542\" class=\"elementor-tab-title\" data-tab=\"2\" role=\"button\" aria-controls=\"elementor-tab-content-4542\" aria-expanded=\"false\">\n\t\t\t\t\t\t\t\t\t\t\t\t\t<span class=\"elementor-accordion-icon elementor-accordion-icon-right\" aria-hidden=\"true\">\n\t\t\t\t\t\t\t\t\t\t\t\t\t\t\t<span class=\"elementor-accordion-icon-closed\"><svg class=\"e-font-icon-svg e-fas-chevron-down\" viewBox=\"0 0 448 512\" xmlns=\"http:\/\/www.w3.org\/2000\/svg\"><path d=\"M207.029 381.476L12.686 187.132c-9.373-9.373-9.373-24.569 0-33.941l22.667-22.667c9.357-9.357 24.522-9.375 33.901-.04L224 284.505l154.745-154.021c9.379-9.335 24.544-9.317 33.901.04l22.667 22.667c9.373 9.373 9.373 24.569 0 33.941L240.971 381.476c-9.373 9.372-24.569 9.372-33.942 0z\"><\/path><\/svg><\/span>\n\t\t\t\t\t\t\t\t<span class=\"elementor-accordion-icon-opened\"><svg class=\"e-font-icon-svg e-fas-chevron-up\" viewBox=\"0 0 448 512\" xmlns=\"http:\/\/www.w3.org\/2000\/svg\"><path d=\"M240.971 130.524l194.343 194.343c9.373 9.373 9.373 24.569 0 33.941l-22.667 22.667c-9.357 9.357-24.522 9.375-33.901.04L224 227.495 69.255 381.516c-9.379 9.335-24.544 9.317-33.901-.04l-22.667-22.667c-9.373-9.373-9.373-24.569 0-33.941L207.03 130.525c9.372-9.373 24.568-9.373 33.941-.001z\"><\/path><\/svg><\/span>\n\t\t\t\t\t\t\t\t\t\t\t\t\t\t<\/span>\n\t\t\t\t\t\t\t\t\t\t\t\t<a class=\"elementor-accordion-title\" tabindex=\"0\">\u00bfC\u00d3MO PUEDO DAR TIEMPO DE CALIDAD A MI HIJO O HIJA, SI NO TENGO TIEMPO PARA NADA?<\/a>\n\t\t\t\t\t<\/div>\n\t\t\t\t\t<div id=\"elementor-tab-content-4542\" class=\"elementor-tab-content elementor-clearfix\" data-tab=\"2\" role=\"region\" aria-labelledby=\"elementor-tab-title-4542\"><p>El tiempo que pasamos con nuestros hijos e hijas es lo m\u00e1s valioso por ellos. Estos momentos tienen que convertirse con el m\u00e1s enriquecedor tanto por ellos y ellas como para nosotros. La familia es una pieza clave para su desarrollo.<\/p><p>\u00bfQu\u00e9 se entiende por tiempo de calidad? Aprenderemos a reconocer en qu\u00e9 momentos le estamos dando ya esta calidad al tiempo que pasamos con ellos y ellas y en buscar nuevos.<\/p><p>Destinatarios: padres y madres con ni\u00f1os de 0 a 6 a\u00f1os.<\/p><\/div>\n\t\t\t\t<\/div>\n\t\t\t\t\t\t\t<div class=\"elementor-accordion-item\">\n\t\t\t\t\t<div id=\"elementor-tab-title-4543\" class=\"elementor-tab-title\" data-tab=\"3\" role=\"button\" aria-controls=\"elementor-tab-content-4543\" aria-expanded=\"false\">\n\t\t\t\t\t\t\t\t\t\t\t\t\t<span class=\"elementor-accordion-icon elementor-accordion-icon-right\" aria-hidden=\"true\">\n\t\t\t\t\t\t\t\t\t\t\t\t\t\t\t<span class=\"elementor-accordion-icon-closed\"><svg class=\"e-font-icon-svg e-fas-chevron-down\" viewBox=\"0 0 448 512\" xmlns=\"http:\/\/www.w3.org\/2000\/svg\"><path d=\"M207.029 381.476L12.686 187.132c-9.373-9.373-9.373-24.569 0-33.941l22.667-22.667c9.357-9.357 24.522-9.375 33.901-.04L224 284.505l154.745-154.021c9.379-9.335 24.544-9.317 33.901.04l22.667 22.667c9.373 9.373 9.373 24.569 0 33.941L240.971 381.476c-9.373 9.372-24.569 9.372-33.942 0z\"><\/path><\/svg><\/span>\n\t\t\t\t\t\t\t\t<span class=\"elementor-accordion-icon-opened\"><svg class=\"e-font-icon-svg e-fas-chevron-up\" viewBox=\"0 0 448 512\" xmlns=\"http:\/\/www.w3.org\/2000\/svg\"><path d=\"M240.971 130.524l194.343 194.343c9.373 9.373 9.373 24.569 0 33.941l-22.667 22.667c-9.357 9.357-24.522 9.375-33.901.04L224 227.495 69.255 381.516c-9.379 9.335-24.544 9.317-33.901-.04l-22.667-22.667c-9.373-9.373-9.373-24.569 0-33.941L207.03 130.525c9.372-9.373 24.568-9.373 33.941-.001z\"><\/path><\/svg><\/span>\n\t\t\t\t\t\t\t\t\t\t\t\t\t\t<\/span>\n\t\t\t\t\t\t\t\t\t\t\t\t<a class=\"elementor-accordion-title\" tabindex=\"0\">H\u00c1BITOS DE ESTUDIO, \u00bfCU\u00c1NDO DEBO EMPEZAR A INCULCARLE? \u00bfC\u00d3MO? <\/a>\n\t\t\t\t\t<\/div>\n\t\t\t\t\t<div id=\"elementor-tab-content-4543\" class=\"elementor-tab-content elementor-clearfix\" data-tab=\"3\" role=\"region\" aria-labelledby=\"elementor-tab-title-4543\"><p>Se dar\u00e1n a los padres pautas para ayudar a sus hijos a mejorar el rendimiento acad\u00e9mico y facilitar el acceso al aprendizaje a trav\u00e9s de h\u00e1bitos y t\u00e9cnicas de estudio.<\/p><p>Contenidos:<\/p><ul><li>Organizaci\u00f3n y planificaci\u00f3n para el estudio<\/li><li>Motivaci\u00f3n por el aprendizaje<\/li><li>Atenci\u00f3n, concentraci\u00f3n y memoria<\/li><li>Estrategias espec\u00edficas: subrayar, lectura comprensiva, resumen, memorizaci\u00f3n, repaso.<\/li><li>Relajaci\u00f3n<\/li><\/ul><p>Destinatarios: padres y madres con ni\u00f1os de 6 a 16 a\u00f1os.<\/p><\/div>\n\t\t\t\t<\/div>\n\t\t\t\t\t\t\t<div class=\"elementor-accordion-item\">\n\t\t\t\t\t<div id=\"elementor-tab-title-4544\" class=\"elementor-tab-title\" data-tab=\"4\" role=\"button\" aria-controls=\"elementor-tab-content-4544\" aria-expanded=\"false\">\n\t\t\t\t\t\t\t\t\t\t\t\t\t<span class=\"elementor-accordion-icon elementor-accordion-icon-right\" aria-hidden=\"true\">\n\t\t\t\t\t\t\t\t\t\t\t\t\t\t\t<span class=\"elementor-accordion-icon-closed\"><svg class=\"e-font-icon-svg e-fas-chevron-down\" viewBox=\"0 0 448 512\" xmlns=\"http:\/\/www.w3.org\/2000\/svg\"><path d=\"M207.029 381.476L12.686 187.132c-9.373-9.373-9.373-24.569 0-33.941l22.667-22.667c9.357-9.357 24.522-9.375 33.901-.04L224 284.505l154.745-154.021c9.379-9.335 24.544-9.317 33.901.04l22.667 22.667c9.373 9.373 9.373 24.569 0 33.941L240.971 381.476c-9.373 9.372-24.569 9.372-33.942 0z\"><\/path><\/svg><\/span>\n\t\t\t\t\t\t\t\t<span class=\"elementor-accordion-icon-opened\"><svg class=\"e-font-icon-svg e-fas-chevron-up\" viewBox=\"0 0 448 512\" xmlns=\"http:\/\/www.w3.org\/2000\/svg\"><path d=\"M240.971 130.524l194.343 194.343c9.373 9.373 9.373 24.569 0 33.941l-22.667 22.667c-9.357 9.357-24.522 9.375-33.901.04L224 227.495 69.255 381.516c-9.379 9.335-24.544 9.317-33.901-.04l-22.667-22.667c-9.373-9.373-9.373-24.569 0-33.941L207.03 130.525c9.372-9.373 24.568-9.373 33.941-.001z\"><\/path><\/svg><\/span>\n\t\t\t\t\t\t\t\t\t\t\t\t\t\t<\/span>\n\t\t\t\t\t\t\t\t\t\t\t\t<a class=\"elementor-accordion-title\" tabindex=\"0\">CAMINO A LA INDEPENDENCIA\u2026C\u00d3MO AYUDAR A CRECER CON CONFIANZA Y AUTOESTIMA A NUESTROS HIJOS. <\/a>\n\t\t\t\t\t<\/div>\n\t\t\t\t\t<div id=\"elementor-tab-content-4544\" class=\"elementor-tab-content elementor-clearfix\" data-tab=\"4\" role=\"region\" aria-labelledby=\"elementor-tab-title-4544\"><p>El momento de quitar los pa\u00f1ales, de dejar el chupete, el biber\u00f3n, el dormir y vestirse solo\u2026 son momentos muy importantes del crecimiento y del desarrollo psicof\u00edsico del ni\u00f1o.<br \/>Nuestros beb\u00e9s empiezan a hacerse mayores y los padres pueden ayudarles a crecer, a superar las diferentes etapas d\u00eda a d\u00eda de forma tranquila, con confianza y de forma satisfactoria aut\u00f3noma y feliz.<\/p><p>Los padres debemos vivir el crecimiento de nuestros hijos sin miedo y como una gran aventura, ya que as\u00ed les ayudaremos a madurar, a tener seguridad en s\u00ed mismos y una buena autoestima.<\/p><p>Destinatarios: padres y madres con ni\u00f1os de 0 a 6 a\u00f1os.<\/p><\/div>\n\t\t\t\t<\/div>\n\t\t\t\t\t\t\t<div class=\"elementor-accordion-item\">\n\t\t\t\t\t<div id=\"elementor-tab-title-4545\" class=\"elementor-tab-title\" data-tab=\"5\" role=\"button\" aria-controls=\"elementor-tab-content-4545\" aria-expanded=\"false\">\n\t\t\t\t\t\t\t\t\t\t\t\t\t<span class=\"elementor-accordion-icon elementor-accordion-icon-right\" aria-hidden=\"true\">\n\t\t\t\t\t\t\t\t\t\t\t\t\t\t\t<span class=\"elementor-accordion-icon-closed\"><svg class=\"e-font-icon-svg e-fas-chevron-down\" viewBox=\"0 0 448 512\" xmlns=\"http:\/\/www.w3.org\/2000\/svg\"><path d=\"M207.029 381.476L12.686 187.132c-9.373-9.373-9.373-24.569 0-33.941l22.667-22.667c9.357-9.357 24.522-9.375 33.901-.04L224 284.505l154.745-154.021c9.379-9.335 24.544-9.317 33.901.04l22.667 22.667c9.373 9.373 9.373 24.569 0 33.941L240.971 381.476c-9.373 9.372-24.569 9.372-33.942 0z\"><\/path><\/svg><\/span>\n\t\t\t\t\t\t\t\t<span class=\"elementor-accordion-icon-opened\"><svg class=\"e-font-icon-svg e-fas-chevron-up\" viewBox=\"0 0 448 512\" xmlns=\"http:\/\/www.w3.org\/2000\/svg\"><path d=\"M240.971 130.524l194.343 194.343c9.373 9.373 9.373 24.569 0 33.941l-22.667 22.667c-9.357 9.357-24.522 9.375-33.901.04L224 227.495 69.255 381.516c-9.379 9.335-24.544 9.317-33.901-.04l-22.667-22.667c-9.373-9.373-9.373-24.569 0-33.941L207.03 130.525c9.372-9.373 24.568-9.373 33.941-.001z\"><\/path><\/svg><\/span>\n\t\t\t\t\t\t\t\t\t\t\t\t\t\t<\/span>\n\t\t\t\t\t\t\t\t\t\t\t\t<a class=\"elementor-accordion-title\" tabindex=\"0\">C\u00d3MO CONVERTIR LAS TAREAS DOM\u00c9STICAS EN MOMENTOS EDUCATIVOS PARA NUESTROS NI\u00d1OS.<\/a>\n\t\t\t\t\t<\/div>\n\t\t\t\t\t<div id=\"elementor-tab-content-4545\" class=\"elementor-tab-content elementor-clearfix\" data-tab=\"5\" role=\"region\" aria-labelledby=\"elementor-tab-title-4545\"><p>Los ni\u00f1os son curiosos. Quedan fascinados por todo lo que ven o escuchan a su alrededor. Cualquier momento del d\u00eda de los primeros a\u00f1os de un ni\u00f1o es bueno para que descubran algo.<\/p><p>Proporcionaremos nuevas formas de interactuar con el ni\u00f1o con ideas, proyectos y actividades que estimular\u00e1n su curiosidad natural ya los padres nos ayudar\u00e1n a fomentar la confianza, estimular la autoexpresi\u00f3n ya divertirnos con nuestro ni\u00f1o.<\/p><p>La idea es convertir las actividades diarias en divertidas experiencias de aprendizaje\u2026 es decir, convertir las tareas dom\u00e9sticas en momentos did\u00e1cticos.<br \/>La finalidad de estos recursos es contribuir a que los ni\u00f1os crezcan sanos y felices, y fomentarles el gusto por el aprendizaje que dure a lo largo de su vida.<\/p><p>Destinatarios: padres y madres con ni\u00f1os de 0 a 6 a\u00f1os.<\/p><\/div>\n\t\t\t\t<\/div>\n\t\t\t\t\t\t\t<div class=\"elementor-accordion-item\">\n\t\t\t\t\t<div id=\"elementor-tab-title-4546\" class=\"elementor-tab-title\" data-tab=\"6\" role=\"button\" aria-controls=\"elementor-tab-content-4546\" aria-expanded=\"false\">\n\t\t\t\t\t\t\t\t\t\t\t\t\t<span class=\"elementor-accordion-icon elementor-accordion-icon-right\" aria-hidden=\"true\">\n\t\t\t\t\t\t\t\t\t\t\t\t\t\t\t<span class=\"elementor-accordion-icon-closed\"><svg class=\"e-font-icon-svg e-fas-chevron-down\" viewBox=\"0 0 448 512\" xmlns=\"http:\/\/www.w3.org\/2000\/svg\"><path d=\"M207.029 381.476L12.686 187.132c-9.373-9.373-9.373-24.569 0-33.941l22.667-22.667c9.357-9.357 24.522-9.375 33.901-.04L224 284.505l154.745-154.021c9.379-9.335 24.544-9.317 33.901.04l22.667 22.667c9.373 9.373 9.373 24.569 0 33.941L240.971 381.476c-9.373 9.372-24.569 9.372-33.942 0z\"><\/path><\/svg><\/span>\n\t\t\t\t\t\t\t\t<span class=\"elementor-accordion-icon-opened\"><svg class=\"e-font-icon-svg e-fas-chevron-up\" viewBox=\"0 0 448 512\" xmlns=\"http:\/\/www.w3.org\/2000\/svg\"><path d=\"M240.971 130.524l194.343 194.343c9.373 9.373 9.373 24.569 0 33.941l-22.667 22.667c-9.357 9.357-24.522 9.375-33.901.04L224 227.495 69.255 381.516c-9.379 9.335-24.544 9.317-33.901-.04l-22.667-22.667c-9.373-9.373-9.373-24.569 0-33.941L207.03 130.525c9.372-9.373 24.568-9.373 33.941-.001z\"><\/path><\/svg><\/span>\n\t\t\t\t\t\t\t\t\t\t\t\t\t\t<\/span>\n\t\t\t\t\t\t\t\t\t\t\t\t<a class=\"elementor-accordion-title\" tabindex=\"0\">MI NI\u00d1O NO ME HACE CASO. PATALETAS Y CAPRICHOS. <\/a>\n\t\t\t\t\t<\/div>\n\t\t\t\t\t<div id=\"elementor-tab-content-4546\" class=\"elementor-tab-content elementor-clearfix\" data-tab=\"6\" role=\"region\" aria-labelledby=\"elementor-tab-title-4546\"><p>Los ni\u00f1os aprenden la forma de comportarse. Lo que ocurre a veces es que lo aprendido, su forma de actuar, es inadecuado y genera problemas en su entorno. Pero se puede cambiar si sabemos c\u00f3mo. En la conducta del ni\u00f1o, los padres tienen la clave. Es necesario adquirir estrategias para afrontar las dificultades que surgen en la educaci\u00f3n y el manejo de las conductas problema, pero tambi\u00e9n es importante dar atenci\u00f3n positiva y conseguir una buena comunicaci\u00f3n con nuestros hijos.<\/p><p>Contenidos:<\/p><p>\u2022 Comprender la conducta infantil: por qu\u00e9 se lleva mal y mantiene su comportamiento.<br \/>\u2022 Conocer m\u00e9todos y t\u00e9cnicas para que el ni\u00f1o obedezca.<br \/>\u2022 Aprender a manejar situaciones problem\u00e1ticas: rabietas, provocaciones, desobediencia, peleas\u2026<br \/>\u2022 Favorecer la comunicaci\u00f3n padres-hijos: atenci\u00f3n positiva, reforzar conductas positivas\u2026<\/p><p>Destinatarios: padres y madres con ni\u00f1os de 0 a 6 a\u00f1os.<\/p><\/div>\n\t\t\t\t<\/div>\n\t\t\t\t\t\t\t<div class=\"elementor-accordion-item\">\n\t\t\t\t\t<div id=\"elementor-tab-title-4547\" class=\"elementor-tab-title\" data-tab=\"7\" role=\"button\" aria-controls=\"elementor-tab-content-4547\" aria-expanded=\"false\">\n\t\t\t\t\t\t\t\t\t\t\t\t\t<span class=\"elementor-accordion-icon elementor-accordion-icon-right\" aria-hidden=\"true\">\n\t\t\t\t\t\t\t\t\t\t\t\t\t\t\t<span class=\"elementor-accordion-icon-closed\"><svg class=\"e-font-icon-svg e-fas-chevron-down\" viewBox=\"0 0 448 512\" xmlns=\"http:\/\/www.w3.org\/2000\/svg\"><path d=\"M207.029 381.476L12.686 187.132c-9.373-9.373-9.373-24.569 0-33.941l22.667-22.667c9.357-9.357 24.522-9.375 33.901-.04L224 284.505l154.745-154.021c9.379-9.335 24.544-9.317 33.901.04l22.667 22.667c9.373 9.373 9.373 24.569 0 33.941L240.971 381.476c-9.373 9.372-24.569 9.372-33.942 0z\"><\/path><\/svg><\/span>\n\t\t\t\t\t\t\t\t<span class=\"elementor-accordion-icon-opened\"><svg class=\"e-font-icon-svg e-fas-chevron-up\" viewBox=\"0 0 448 512\" xmlns=\"http:\/\/www.w3.org\/2000\/svg\"><path d=\"M240.971 130.524l194.343 194.343c9.373 9.373 9.373 24.569 0 33.941l-22.667 22.667c-9.357 9.357-24.522 9.375-33.901.04L224 227.495 69.255 381.516c-9.379 9.335-24.544 9.317-33.901-.04l-22.667-22.667c-9.373-9.373-9.373-24.569 0-33.941L207.03 130.525c9.372-9.373 24.568-9.373 33.941-.001z\"><\/path><\/svg><\/span>\n\t\t\t\t\t\t\t\t\t\t\t\t\t\t<\/span>\n\t\t\t\t\t\t\t\t\t\t\t\t<a class=\"elementor-accordion-title\" tabindex=\"0\">CELOS\u00cdAS Y RIVALIDADES EN CASA, ESTA A PUNTO DE LLEGAR UN HERMANITO O UNA HERMANITA. \u00bfC\u00d3MO PUEDO CONSEGUIR UN BUEN AMBIENTE EN CASA? <\/a>\n\t\t\t\t\t<\/div>\n\t\t\t\t\t<div id=\"elementor-tab-content-4547\" class=\"elementor-tab-content elementor-clearfix\" data-tab=\"7\" role=\"region\" aria-labelledby=\"elementor-tab-title-4547\"><p>Con la llegada de nuevos hermanos y hermanas pueden aparecer una serie de comportamientos en el hermano mayor que pueden complicar a\u00fan m\u00e1s el hecho de ser uno o una m\u00e1s en la familia. Tambi\u00e9n puede ocurrir que m\u00e1s adelante, sea el hermano peque\u00f1o el que est\u00e1 celoso del mayor o de la mayor.<\/p><p>Aprenderemos a distinguir aquellos comportamientos que nos muestran este sentimiento de celos, y mostraremos medidas generales y algo m\u00e1s concretas que nos pueden ayudar a manejar la situaci\u00f3n. Tambi\u00e9n veremos qu\u00e9 podemos hacer en el momento en que surge un conflicto determinado. Para terminar, veremos c\u00f3mo debemos tratar la llegada de un nuevo miembro de la familia para evitar que todo esto ocurra.<\/p><p>Destinatarios: padres y madres con ni\u00f1os de 0 a 6 a\u00f1os.<\/p><\/div>\n\t\t\t\t<\/div>\n\t\t\t\t\t\t\t<div class=\"elementor-accordion-item\">\n\t\t\t\t\t<div id=\"elementor-tab-title-4548\" class=\"elementor-tab-title\" data-tab=\"8\" role=\"button\" aria-controls=\"elementor-tab-content-4548\" aria-expanded=\"false\">\n\t\t\t\t\t\t\t\t\t\t\t\t\t<span class=\"elementor-accordion-icon elementor-accordion-icon-right\" aria-hidden=\"true\">\n\t\t\t\t\t\t\t\t\t\t\t\t\t\t\t<span class=\"elementor-accordion-icon-closed\"><svg class=\"e-font-icon-svg e-fas-chevron-down\" viewBox=\"0 0 448 512\" xmlns=\"http:\/\/www.w3.org\/2000\/svg\"><path d=\"M207.029 381.476L12.686 187.132c-9.373-9.373-9.373-24.569 0-33.941l22.667-22.667c9.357-9.357 24.522-9.375 33.901-.04L224 284.505l154.745-154.021c9.379-9.335 24.544-9.317 33.901.04l22.667 22.667c9.373 9.373 9.373 24.569 0 33.941L240.971 381.476c-9.373 9.372-24.569 9.372-33.942 0z\"><\/path><\/svg><\/span>\n\t\t\t\t\t\t\t\t<span class=\"elementor-accordion-icon-opened\"><svg class=\"e-font-icon-svg e-fas-chevron-up\" viewBox=\"0 0 448 512\" xmlns=\"http:\/\/www.w3.org\/2000\/svg\"><path d=\"M240.971 130.524l194.343 194.343c9.373 9.373 9.373 24.569 0 33.941l-22.667 22.667c-9.357 9.357-24.522 9.375-33.901.04L224 227.495 69.255 381.516c-9.379 9.335-24.544 9.317-33.901-.04l-22.667-22.667c-9.373-9.373-9.373-24.569 0-33.941L207.03 130.525c9.372-9.373 24.568-9.373 33.941-.001z\"><\/path><\/svg><\/span>\n\t\t\t\t\t\t\t\t\t\t\t\t\t\t<\/span>\n\t\t\t\t\t\t\t\t\t\t\t\t<a class=\"elementor-accordion-title\" tabindex=\"0\">PESADILLAS, P\u00c1NICO NOCTURNO Y MIEDO A LA OSCURIDAD.<\/a>\n\t\t\t\t\t<\/div>\n\t\t\t\t\t<div id=\"elementor-tab-content-4548\" class=\"elementor-tab-content elementor-clearfix\" data-tab=\"8\" role=\"region\" aria-labelledby=\"elementor-tab-title-4548\"><p>Quiz\u00e1s uno de los momentos en que peor lo pasan nuestros hijos e hijas, o al menos que somos conscientes, a causa de<br \/>que se muestran asustados, lloran y podemos ver su sufrimiento. Y esto nos produce mucha angustia.<br \/>Aqu\u00ed aprenderemos a distinguir de qu\u00e9 hablamos y c\u00f3mo se diferencian los tres tipos, pero no tanto por saber algo<br \/>m\u00e1s, sino para darle una respuesta adecuada. Somos el punto de referencia de seguridad de nuestros hijos e hijas y en estos momentos nos la piden con mucha fuerza.<\/p><p>Los objetivos ser\u00e1n:<\/p><ul><li>Conocer qu\u00e9 es una pesadilla, un miedo a la oscuridad y el p\u00e1nico nocturno.<\/li><li>Aprender a qu\u00e9 hacer en el momento en el que se da el episodio.<\/li><li>Determinar qu\u00e9 tipo de actuaciones aplicaremos al d\u00eda a d\u00eda para dar soluci\u00f3n.<\/li><li>Distinguir en qu\u00e9 casos ser\u00e1 necesaria la actuaci\u00f3n de un profesional y qui\u00e9n puede serlo.<\/li><\/ul><p>Destinatarios: padres y madres con ni\u00f1os de 0 a 6 a\u00f1os.<\/p><\/div>\n\t\t\t\t<\/div>\n\t\t\t\t\t\t\t\t<\/div>\n\t\t\t\t\t\t<\/div>\n\t\t\t\t<\/div>\n\t\t\t\t<div class=\"elementor-element elementor-element-636b104 elementor-align-center elementor-hidden-desktop elementor-hidden-tablet elementor-hidden-mobile elementor-widget elementor-widget-button\" data-id=\"636b104\" data-element_type=\"widget\" data-widget_type=\"button.default\">\n\t\t\t\t<div class=\"elementor-widget-container\">\n\t\t\t\t\t\t\t\t\t<div class=\"elementor-button-wrapper\">\n\t\t\t\t\t<a class=\"elementor-button elementor-button-link elementor-size-sm\" href=\"https:\/\/wp.creativegigstf.com\/zoomy\/contact-us\/\">\n\t\t\t\t\t\t<span class=\"elementor-button-content-wrapper\">\n\t\t\t\t\t\t\t\t\t<span class=\"elementor-button-text\">Add Your Questions<\/span>\n\t\t\t\t\t<\/span>\n\t\t\t\t\t<\/a>\n\t\t\t\t<\/div>\n\t\t\t\t\t\t\t\t<\/div>\n\t\t\t\t<\/div>\n\t\t\t\t\t<\/div>\n\t\t<\/div>\n\t\t\t\t\t<\/div>\n\t\t<\/section>\n\t\t\t\t<section class=\"elementor-section elementor-top-section elementor-element elementor-element-f211a0b elementor-section-boxed elementor-section-height-default elementor-section-height-default\" data-id=\"f211a0b\" data-element_type=\"section\">\n\t\t\t\t\t\t<div class=\"elementor-container elementor-column-gap-default\">\n\t\t\t\t\t<div class=\"elementor-column elementor-col-100 elementor-top-column elementor-element elementor-element-b92a2dd\" data-id=\"b92a2dd\" data-element_type=\"column\">\n\t\t\t<div class=\"elementor-widget-wrap elementor-element-populated\">\n\t\t\t\t\t\t<div class=\"elementor-element elementor-element-58863c2 elementor-widget elementor-widget-heading\" data-id=\"58863c2\" data-element_type=\"widget\" data-widget_type=\"heading.default\">\n\t\t\t\t<div class=\"elementor-widget-container\">\n\t\t\t\t\t<h2 class=\"elementor-heading-title elementor-size-default\">Talleres<\/h2>\t\t\t\t<\/div>\n\t\t\t\t<\/div>\n\t\t\t\t<div class=\"elementor-element elementor-element-a773248 elementor-widget elementor-widget-accordion\" data-id=\"a773248\" data-element_type=\"widget\" data-widget_type=\"accordion.default\">\n\t\t\t\t<div class=\"elementor-widget-container\">\n\t\t\t\t\t\t\t<div class=\"elementor-accordion\">\n\t\t\t\t\t\t\t<div class=\"elementor-accordion-item\">\n\t\t\t\t\t<div id=\"elementor-tab-title-1751\" class=\"elementor-tab-title\" data-tab=\"1\" role=\"button\" aria-controls=\"elementor-tab-content-1751\" aria-expanded=\"false\">\n\t\t\t\t\t\t\t\t\t\t\t\t\t<span class=\"elementor-accordion-icon elementor-accordion-icon-right\" aria-hidden=\"true\">\n\t\t\t\t\t\t\t\t\t\t\t\t\t\t\t<span class=\"elementor-accordion-icon-closed\"><svg class=\"e-font-icon-svg e-fas-chevron-down\" viewBox=\"0 0 448 512\" xmlns=\"http:\/\/www.w3.org\/2000\/svg\"><path d=\"M207.029 381.476L12.686 187.132c-9.373-9.373-9.373-24.569 0-33.941l22.667-22.667c9.357-9.357 24.522-9.375 33.901-.04L224 284.505l154.745-154.021c9.379-9.335 24.544-9.317 33.901.04l22.667 22.667c9.373 9.373 9.373 24.569 0 33.941L240.971 381.476c-9.373 9.372-24.569 9.372-33.942 0z\"><\/path><\/svg><\/span>\n\t\t\t\t\t\t\t\t<span class=\"elementor-accordion-icon-opened\"><svg class=\"e-font-icon-svg e-fas-chevron-up\" viewBox=\"0 0 448 512\" xmlns=\"http:\/\/www.w3.org\/2000\/svg\"><path d=\"M240.971 130.524l194.343 194.343c9.373 9.373 9.373 24.569 0 33.941l-22.667 22.667c-9.357 9.357-24.522 9.375-33.901.04L224 227.495 69.255 381.516c-9.379 9.335-24.544 9.317-33.901-.04l-22.667-22.667c-9.373-9.373-9.373-24.569 0-33.941L207.03 130.525c9.372-9.373 24.568-9.373 33.941-.001z\"><\/path><\/svg><\/span>\n\t\t\t\t\t\t\t\t\t\t\t\t\t\t<\/span>\n\t\t\t\t\t\t\t\t\t\t\t\t<a class=\"elementor-accordion-title\" tabindex=\"0\">Taller familiar<\/a>\n\t\t\t\t\t<\/div>\n\t\t\t\t\t<div id=\"elementor-tab-content-1751\" class=\"elementor-tab-content elementor-clearfix\" data-tab=\"1\" role=\"region\" aria-labelledby=\"elementor-tab-title-1751\"><h4><strong>MASAJE INFANTIL<\/strong><\/h4>\n<p>Mucho m\u00e1s que una t\u00e9cnica\u2026 es una excelente manera de comunicarnos con nuestro beb\u00e9, estableciendo un v\u00ednculo afectivo \u00fanico a trav\u00e9s de la piel, de las miradas, del tono de la voz, de las sonrisas, de los sonidos,\u2026<\/p>\n<p><img fetchpriority=\"high\" decoding=\"async\" class=\"alignright wp-image-6561 size-medium\" src=\"https:\/\/pasapas.es\/wp-content\/uploads\/2025\/04\/masaje-infantil-pas-a-pas-300x216.jpg\" alt=\"Masaje infantil Paso a Paso\" width=\"300\" height=\"216\" srcset=\"https:\/\/pasapas.es\/wp-content\/uploads\/2025\/04\/masaje-infantil-pas-a-pas-300x216.jpg 300w, https:\/\/pasapas.es\/wp-content\/uploads\/2025\/04\/masaje-infantil-pas-a-pas.jpg 768w\" sizes=\"(max-width: 300px) 100vw, 300px\" \/><\/p>\n<div>Beneficios:<\/div>\n<div>\n<p>Para ni\u00f1os:<\/p>\n<ul>\n<li>\n<p>Para padres y madres: Consigue calmar a los ni\u00f1os.<\/p>\n<\/li>\n<li>\n<p>Fomenta la resistencia de su organismo.<\/p>\n<\/li>\n<li>\n<p>Hace que tengan un sonido tranquilo.<\/p>\n<\/li>\n<li>\n<p>Favorece un positivo desarrollo ps\u00edquico.<\/p>\n<\/li>\n<\/ul>\n<ul>\n<li>\n<p>Nos enriquece aprendiendo a interpretar sus emociones, sus gestos\u2026 mejorando las habilidades de crianza.<\/p>\n<\/li>\n<li>\n<p>Reducimos las hormonas del estr\u00e9s y aumentamos las de la calma y relajaci\u00f3n<\/p>\n<\/li>\n<\/ul>\n<p>Contenidos:<\/p>\n<ul>\n<li>\n<p>Relajaci\u00f3n a trav\u00e9s del tacto y la comunicaci\u00f3n.<\/p>\n<\/li>\n<li>\n<p>Conocimiento de t\u00e9cnicas espec\u00edficas para aliviar c\u00f3licos, gases, estre\u00f1imiento.<\/p>\n<\/li>\n<li>\n<p>Participaci\u00f3n en tem\u00e1ticas interesantes sobre la importancia del sentido del tacto.<\/p>\n<\/li>\n<li>\n<p>Masaje directo e indirecto (para grupos de 1 a 3 a\u00f1os).<\/p>\n<\/li>\n<\/ul>\n<p>Duraci\u00f3n: 5 sesiones (1 hora y media por sesi\u00f3n)<\/p>\n<\/div>\n<\/div>\n\t\t\t\t<\/div>\n\t\t\t\t\t\t\t<div class=\"elementor-accordion-item\">\n\t\t\t\t\t<div id=\"elementor-tab-title-1752\" class=\"elementor-tab-title\" data-tab=\"2\" role=\"button\" aria-controls=\"elementor-tab-content-1752\" aria-expanded=\"false\">\n\t\t\t\t\t\t\t\t\t\t\t\t\t<span class=\"elementor-accordion-icon elementor-accordion-icon-right\" aria-hidden=\"true\">\n\t\t\t\t\t\t\t\t\t\t\t\t\t\t\t<span class=\"elementor-accordion-icon-closed\"><svg class=\"e-font-icon-svg e-fas-chevron-down\" viewBox=\"0 0 448 512\" xmlns=\"http:\/\/www.w3.org\/2000\/svg\"><path d=\"M207.029 381.476L12.686 187.132c-9.373-9.373-9.373-24.569 0-33.941l22.667-22.667c9.357-9.357 24.522-9.375 33.901-.04L224 284.505l154.745-154.021c9.379-9.335 24.544-9.317 33.901.04l22.667 22.667c9.373 9.373 9.373 24.569 0 33.941L240.971 381.476c-9.373 9.372-24.569 9.372-33.942 0z\"><\/path><\/svg><\/span>\n\t\t\t\t\t\t\t\t<span class=\"elementor-accordion-icon-opened\"><svg class=\"e-font-icon-svg e-fas-chevron-up\" viewBox=\"0 0 448 512\" xmlns=\"http:\/\/www.w3.org\/2000\/svg\"><path d=\"M240.971 130.524l194.343 194.343c9.373 9.373 9.373 24.569 0 33.941l-22.667 22.667c-9.357 9.357-24.522 9.375-33.901.04L224 227.495 69.255 381.516c-9.379 9.335-24.544 9.317-33.901-.04l-22.667-22.667c-9.373-9.373-9.373-24.569 0-33.941L207.03 130.525c9.372-9.373 24.568-9.373 33.941-.001z\"><\/path><\/svg><\/span>\n\t\t\t\t\t\t\t\t\t\t\t\t\t\t<\/span>\n\t\t\t\t\t\t\t\t\t\t\t\t<a class=\"elementor-accordion-title\" tabindex=\"0\">Taller para ni\u00f1os y j\u00f3venes<\/a>\n\t\t\t\t\t<\/div>\n\t\t\t\t\t<div id=\"elementor-tab-content-1752\" class=\"elementor-tab-content elementor-clearfix\" data-tab=\"2\" role=\"region\" aria-labelledby=\"elementor-tab-title-1752\"><h4><strong>APRENDER A APRENDER. INTRODUCCI\u00d3N A LAS T\u00c9CNICAS DE ESTUDIO <\/strong><img decoding=\"async\" class=\"float-right\" src=\"http:\/\/www.pasapas.es\/data\/A1-300x236.jpg\" alt=\"\" width=\"300\"><\/h4>\n<p>Objetivo: mejorar el rendimiento acad\u00e9mico y facilitar el acceso al aprendizaje a trav\u00e9s de h\u00e1bitos y t\u00e9cnicas de estudio.<\/p>\n<p><img decoding=\"async\" class=\"alignright wp-image-6563 size-full\" src=\"https:\/\/pasapas.es\/wp-content\/uploads\/2025\/04\/taller-infants-i-joves-pas-a-pas.jpg\" alt=\"Taller ni\u00f1os y j\u00f3venes Pas a Pas\" width=\"300\" height=\"236\"><\/p>\n<p>Contenidos:<\/p>\n<ul>\n<li>Organizaci\u00f3n y planificaci\u00f3n por el estudio<\/li>\n<li>Motivaci\u00f3n por el aprendizaje<\/li>\n<li>Atenci\u00f3n, concentraci\u00f3n y memoria<\/li>\n<li>Estrategias espec\u00edficas: subrayar, lectura comprensiva, resumen, memorizaci\u00f3n, repaso.<\/li>\n<li>Relajaci\u00f3n.<\/li>\n<\/ul>\n<p>Destinatarios: Ni\u00f1os de Primaria (agrupaci\u00f3n por edades). Grupos reducidos.<\/p>\n<p>Duraci\u00f3n: 4 sesiones (1 hora y media por sesi\u00f3n)<\/p>\n<\/div>\n\t\t\t\t<\/div>\n\t\t\t\t\t\t\t<div class=\"elementor-accordion-item\">\n\t\t\t\t\t<div id=\"elementor-tab-title-1753\" class=\"elementor-tab-title\" data-tab=\"3\" role=\"button\" aria-controls=\"elementor-tab-content-1753\" aria-expanded=\"false\">\n\t\t\t\t\t\t\t\t\t\t\t\t\t<span class=\"elementor-accordion-icon elementor-accordion-icon-right\" aria-hidden=\"true\">\n\t\t\t\t\t\t\t\t\t\t\t\t\t\t\t<span class=\"elementor-accordion-icon-closed\"><svg class=\"e-font-icon-svg e-fas-chevron-down\" viewBox=\"0 0 448 512\" xmlns=\"http:\/\/www.w3.org\/2000\/svg\"><path d=\"M207.029 381.476L12.686 187.132c-9.373-9.373-9.373-24.569 0-33.941l22.667-22.667c9.357-9.357 24.522-9.375 33.901-.04L224 284.505l154.745-154.021c9.379-9.335 24.544-9.317 33.901.04l22.667 22.667c9.373 9.373 9.373 24.569 0 33.941L240.971 381.476c-9.373 9.372-24.569 9.372-33.942 0z\"><\/path><\/svg><\/span>\n\t\t\t\t\t\t\t\t<span class=\"elementor-accordion-icon-opened\"><svg class=\"e-font-icon-svg e-fas-chevron-up\" viewBox=\"0 0 448 512\" xmlns=\"http:\/\/www.w3.org\/2000\/svg\"><path d=\"M240.971 130.524l194.343 194.343c9.373 9.373 9.373 24.569 0 33.941l-22.667 22.667c-9.357 9.357-24.522 9.375-33.901.04L224 227.495 69.255 381.516c-9.379 9.335-24.544 9.317-33.901-.04l-22.667-22.667c-9.373-9.373-9.373-24.569 0-33.941L207.03 130.525c9.372-9.373 24.568-9.373 33.941-.001z\"><\/path><\/svg><\/span>\n\t\t\t\t\t\t\t\t\t\t\t\t\t\t<\/span>\n\t\t\t\t\t\t\t\t\t\t\t\t<a class=\"elementor-accordion-title\" tabindex=\"0\">Talleres para padres y madres<\/a>\n\t\t\t\t\t<\/div>\n\t\t\t\t\t<div id=\"elementor-tab-content-1753\" class=\"elementor-tab-content elementor-clearfix\" data-tab=\"3\" role=\"region\" aria-labelledby=\"elementor-tab-title-1753\"><h4><strong>DESARROLLO MOTOR DEL BEB\u00c9<\/strong><\/h4>\n<p>Explicaremos cu\u00e1les son las etapas del desarrollo motor normal de un beb\u00e9, y c\u00f3mo favorecer sus habilidades correspondientes a cada etapa.<\/p>\n<p><img decoding=\"async\" class=\"alignright wp-image-6565 size-medium\" src=\"https:\/\/pasapas.es\/wp-content\/uploads\/2025\/04\/desarrollo-psicomotor-pas-a-pas-300x200.jpg\" alt=\"Desarrollo psicomotor Paso a Paso\" width=\"300\" height=\"200\" srcset=\"https:\/\/pasapas.es\/wp-content\/uploads\/2025\/04\/desarrollo-psicomotor-pas-a-pas-300x200.jpg 300w, https:\/\/pasapas.es\/wp-content\/uploads\/2025\/04\/desarrollo-psicomotor-pas-a-pas.jpg 506w\" sizes=\"(max-width: 300px) 100vw, 300px\" \/><\/p>\n<p>Destinatarios: padres y madres con ni\u00f1os de 0 a 18 meses.<\/p>\n<p>Contenidos:<\/p>\n<ul>\n<li>Desarrollo motor normal del beb\u00e9: habilidades correspondientes a cada mes de vida en las distintas \u00e1reas.<\/li>\n<li>Signos de alerta y variaciones de la normalidad correspondientes a cada etapa.<\/li>\n<li>Posturas y actividades para potenciar cada etapa del desarrollo y prevenir posibles alteraciones (habr\u00e1 parte pr\u00e1ctica).<\/li>\n<li>Dudas y errores m\u00e1s frecuentes.<\/li>\n<li>Prematuridad: en cada uno de los puntos anteriores habr\u00e1 un apartado donde se har\u00e1 referencia a los beb\u00e9s prematuros y las<br \/>caracter\u00edsticas especiales.<\/li>\n<\/ul>\n<p>Duraci\u00f3n: 4 horas<\/p>\n<hr>\n<h4><strong>H\u00c1BITOS Y OBEDIENCIA. PAUTAS Y HERRAMIENTAS. <\/strong><\/h4>\n<p>Objetivo:<\/p>\n<p>Ofrecer a los padres pautas y herramientas que les permitan manejar situaciones t\u00edpicamente dif\u00edciles en los primeros a\u00f1os de vida de sus hijos.<\/p>\n<p><img loading=\"lazy\" decoding=\"async\" class=\"alignright wp-image-6567 size-full\" src=\"https:\/\/pasapas.es\/wp-content\/uploads\/2025\/04\/habits-i-obediencia-pas-a-pas.jpg\" alt=\"H\u00e1bitos y obediencia Paso a Paso\" width=\"300\" height=\"143\"><\/p>\n<p>Contenidos:<\/p>\n<ul>\n<li>Normas y l\u00edmites<\/li>\n<li>Premios y castigos<\/li>\n<li>C\u00f3mo damos las \u00f3rdenes<\/li>\n<li>Pataletas<\/li>\n<li>H\u00e1bitos\u2026<\/li>\n<\/ul>\n<p>Destinatarios: Padres con hijos de edades comprendidas entre 0 y 6 a\u00f1os.<\/p>\n<p>Duraci\u00f3n: 4 sesiones (de una hora y media por sesi\u00f3n).<\/p>\n<p><\/p>\n<hr>\n<h4><strong>PRIMEROS AUXILIOS: C\u00d3MO ACTUAR ANTE ACCIDENTES, ENFERMEDADES<\/strong><strong>\u2026<\/strong><\/h4>\n<p>Es la infancia la etapa de la vida en la que los seres humanos inician el aprendizaje de su adaptaci\u00f3n al medio en el que tendr\u00e1n que vivir, y lo hacen de la mano de los padres o cuidadores quienes, al tiempo que les ense\u00f1an, toman las precauciones necesarias para prevenir el da\u00f1o que puede surgir del entorno.<\/p>\n<p>Contenidos:<\/p>\n<p>1er M\u00d3DULO: C\u00f3mo ayudar a nuestros ni\u00f1os cuando tienen alguna enfermedad respiratoria.<\/p>\n<ul>\n<li>Enfermedades respiratorias m\u00e1s frecuentes en la infancia.<\/li>\n<li>Causas y prevenci\u00f3n.<\/li>\n<li>T\u00e9cnicas sencillas de fisioterapia respiratoria para mejorar y resolver estos procesos.<\/li>\n<\/ul>\n<p>2\u00ba M\u00d3DULO: C\u00f3mo actuar ante un accidente infantil dom\u00e9stico.<\/p>\n<ul>\n<li>Accidentes. C\u00f3mo prevenirlos. <\/li>\n<li>Accidentes m\u00e1s frecuentes: traumatismos, quemaduras, heridas e intoxicaciones.<\/li>\n<\/ul>\n<p>3er M\u00d3DULO: Primeros auxilios en la edad pedi\u00e1trica y adulta.<\/p>\n<ul>\n<li>Introducci\u00f3n a la Reanimaci\u00f3n Cardiopulmonar (RCP).<\/li>\n<li>Causas de paro cardiorrespiratorio (PCR).<\/li>\n<li>Mala v\u00eda y asfixia. Compresi\u00f3n \/ Ventilaci\u00f3n. <\/li>\n<li>Maniobra de desobstrucci\u00f3n de la v\u00eda a\u00e9rea en ni\u00f1os menores de un a\u00f1o y mayores de un a\u00f1o. RCP en el lactante y el Ni\u00f1o. Y en el adulto.  <\/li>\n<li>Maniobra de desobstrucci\u00f3n de la v\u00eda a\u00e9rea en el adulto.<\/li>\n<li>Valoraci\u00f3n de la parada cardiorrespiratoria.<\/li>\n<li>Apertura de la v\u00eda a\u00e9rea; maniobra frente-ment\u00f3n.<\/li>\n<\/ul>\n<p>Duraci\u00f3n: 4 sesiones (1 hora y media por sesi\u00f3n).<\/p>\n<\/div>\n\t\t\t\t<\/div>\n\t\t\t\t\t\t\t<div class=\"elementor-accordion-item\">\n\t\t\t\t\t<div id=\"elementor-tab-title-1754\" class=\"elementor-tab-title\" data-tab=\"4\" role=\"button\" aria-controls=\"elementor-tab-content-1754\" aria-expanded=\"false\">\n\t\t\t\t\t\t\t\t\t\t\t\t\t<span class=\"elementor-accordion-icon elementor-accordion-icon-right\" aria-hidden=\"true\">\n\t\t\t\t\t\t\t\t\t\t\t\t\t\t\t<span class=\"elementor-accordion-icon-closed\"><svg class=\"e-font-icon-svg e-fas-chevron-down\" viewBox=\"0 0 448 512\" xmlns=\"http:\/\/www.w3.org\/2000\/svg\"><path d=\"M207.029 381.476L12.686 187.132c-9.373-9.373-9.373-24.569 0-33.941l22.667-22.667c9.357-9.357 24.522-9.375 33.901-.04L224 284.505l154.745-154.021c9.379-9.335 24.544-9.317 33.901.04l22.667 22.667c9.373 9.373 9.373 24.569 0 33.941L240.971 381.476c-9.373 9.372-24.569 9.372-33.942 0z\"><\/path><\/svg><\/span>\n\t\t\t\t\t\t\t\t<span class=\"elementor-accordion-icon-opened\"><svg class=\"e-font-icon-svg e-fas-chevron-up\" viewBox=\"0 0 448 512\" xmlns=\"http:\/\/www.w3.org\/2000\/svg\"><path d=\"M240.971 130.524l194.343 194.343c9.373 9.373 9.373 24.569 0 33.941l-22.667 22.667c-9.357 9.357-24.522 9.375-33.901.04L224 227.495 69.255 381.516c-9.379 9.335-24.544 9.317-33.901-.04l-22.667-22.667c-9.373-9.373-9.373-24.569 0-33.941L207.03 130.525c9.372-9.373 24.568-9.373 33.941-.001z\"><\/path><\/svg><\/span>\n\t\t\t\t\t\t\t\t\t\t\t\t\t\t<\/span>\n\t\t\t\t\t\t\t\t\t\t\t\t<a class=\"elementor-accordion-title\" tabindex=\"0\">Talleres para ni\u00f1os<\/a>\n\t\t\t\t\t<\/div>\n\t\t\t\t\t<div id=\"elementor-tab-content-1754\" class=\"elementor-tab-content elementor-clearfix\" data-tab=\"4\" role=\"region\" aria-labelledby=\"elementor-tab-title-1754\"><h4><strong>\u00bfPARA QU\u00c9 SIRVEN LAS LETRAS?<br \/><\/strong><\/h4>\n<p>Objetivos:<\/p>\n<ul>\n<li>Introducir a los ni\u00f1os al conocimiento de los fonemas y grafemas de nuestro abecedario.<\/li>\n<li>Potenciar la correcta producci\u00f3n oral de los fonemas de la lengua catalana\/castellana.<\/li>\n<li>Fomentar la adecuada reproducci\u00f3n gr\u00e1fica de las letras.<\/li>\n<li>Trabajar la conciencia fonol\u00f3gica de forma oral.<\/li>\n<li>Mejorar los turnos de paula as\u00ed como la interacci\u00f3n con sus iguales.<\/li>\n<\/ul>\n<p>Metodolog\u00eda:<\/p>\n<p>El taller se basa en utilizar metodolog\u00eda l\u00fadica y participativa. Durante una hora a la semana, tendremos un t\u00edtere muy especial que nos llevar\u00e1 cada d\u00eda unas cuantas letras! Seguro que este t\u00edtere nos pedir\u00e1 \u201c\u00bfqu\u00e9 debemos hacer con las letras?\u201d No se lo pierdan, tendremos que saberle decir qu\u00e9 letra nos ha llevado, a qu\u00e9 palabras podemos poner esta letra, le explicaremos c\u00f3mo suena y tambi\u00e9n c\u00f3mo se escribe! \u00a1Nos divertiremos y aprenderemos much\u00edsimo!    <\/p>\n<p>Fechas: Por determinar.<\/p>\n<p>Grupos:<\/p>\n<ul>\n<li>Grupo en catal\u00e1n, de 17 a 18h.<\/li>\n<li>Grupo en castellano, de 18.15 a 19.15h.<\/li>\n<\/ul>\n<p>Edades: 4-5 a\u00f1os.<\/p>\n<\/p>\n<h4><strong>MATEM\u00c0TICAS<img decoding=\"async\" class=\"float-right\" src=\"http:\/\/www.pasapas.es\/data\/pas-a-pas-matematicas.png\" alt=\"\" width=\"283\"><\/strong><\/h4>\n<p>La habilidad matem\u00e1tica es la capacidad para utilizar los n\u00fameros de manera efectiva y de razonar adecuadamente. Es un tipo de inteligencia formal seg\u00fan la clasificaci\u00f3n de Howard Gardner, creador de la Teor\u00eda de las inteligencias m\u00faltiples. Esta inteligencia implica la capacidad para utilizar los n\u00fameros de manera efectiva y de razonar adecuadamente a trav\u00e9s del pensamiento l\u00f3gico.  <\/p>\n<p>A trav\u00e9s de este taller se plantea favorecer el desarrollo de habilidades matem\u00e1ticas a los ni\u00f1os, de forma l\u00fadica y divertida. Es recomendable para ni\u00f1os que se encuentren en un nivel inicial o que presenten dificultades en el aprendizaje de las matem\u00e1ticas. <\/p>\n<p><img loading=\"lazy\" decoding=\"async\" class=\"alignright wp-image-6569 size-medium\" style=\"font-size: 18px;\" src=\"https:\/\/pasapas.es\/wp-content\/uploads\/2025\/04\/pas-a-pas-matematicas-200x300.png\" alt=\"Pas a Pas matem\u00e1ticas\" width=\"200\" height=\"300\" srcset=\"https:\/\/pasapas.es\/wp-content\/uploads\/2025\/04\/pas-a-pas-matematicas-200x300.png 200w, https:\/\/pasapas.es\/wp-content\/uploads\/2025\/04\/pas-a-pas-matematicas.png 283w\" sizes=\"(max-width: 200px) 100vw, 200px\" \/><\/p>\n<p>Aprenderemos a:<\/p>\n<ul>\n<li>Conocer los n\u00fameros.<\/li>\n<li>Explicar y trabajar memoria num\u00e9rica.<\/li>\n<li>Realizar operaciones matem\u00e1ticas: sumas y restas (estrategias para el c\u00e1lculo).<\/li>\n<li>Favorecer el c\u00e1lculo mental.<\/li>\n<li>Realizar seriaciones l\u00f3gicas.<\/li>\n<\/ul>\n<p>DESTINATARIOS: Ni\u00f1os de 6 a 7 a\u00f1os. Grupos reducidos.<\/p>\n<p><img loading=\"lazy\" decoding=\"async\" class=\"aligncenter wp-image-6571 size-full\" src=\"https:\/\/pasapas.es\/wp-content\/uploads\/2025\/04\/nina-llibres-pas-a-pas.jpg\" alt=\"Nina libros Pas a Pas\" width=\"651\" height=\"300\" srcset=\"https:\/\/pasapas.es\/wp-content\/uploads\/2025\/04\/nina-llibres-pas-a-pas.jpg 651w, https:\/\/pasapas.es\/wp-content\/uploads\/2025\/04\/nina-llibres-pas-a-pas-300x138.jpg 300w\" sizes=\"(max-width: 651px) 100vw, 651px\" \/><\/p>\n<\/div>\n\t\t\t\t<\/div>\n\t\t\t\t\t\t\t\t<\/div>\n\t\t\t\t\t\t<\/div>\n\t\t\t\t<\/div>\n\t\t\t\t<div class=\"elementor-element elementor-element-99d3ccc elementor-align-center elementor-hidden-desktop elementor-hidden-tablet elementor-hidden-mobile elementor-widget elementor-widget-button\" data-id=\"99d3ccc\" data-element_type=\"widget\" data-widget_type=\"button.default\">\n\t\t\t\t<div class=\"elementor-widget-container\">\n\t\t\t\t\t\t\t\t\t<div class=\"elementor-button-wrapper\">\n\t\t\t\t\t<a class=\"elementor-button elementor-button-link elementor-size-sm\" href=\"https:\/\/wp.creativegigstf.com\/zoomy\/contact-us\/\">\n\t\t\t\t\t\t<span class=\"elementor-button-content-wrapper\">\n\t\t\t\t\t\t\t\t\t<span class=\"elementor-button-text\">Add Your Questions<\/span>\n\t\t\t\t\t<\/span>\n\t\t\t\t\t<\/a>\n\t\t\t\t<\/div>\n\t\t\t\t\t\t\t\t<\/div>\n\t\t\t\t<\/div>\n\t\t\t\t\t<\/div>\n\t\t<\/div>\n\t\t\t\t\t<\/div>\n\t\t<\/section>\n\t\t\t\t<\/div>\n\t\t","protected":false},"excerpt":{"rendered":"<p>Conferencias La familia Hablaremos de la importancia que tiene la familia para el desarrollo afectivo, cognitivo, psicomotor y social de [&hellip;]<\/p>\n","protected":false},"author":1,"featured_media":0,"parent":0,"menu_order":0,"comment_status":"closed","ping_status":"closed","template":"","meta":{"_acf_changed":false,"footnotes":""},"class_list":["post-6646","page","type-page","status-publish","hentry"],"acf":[],"yoast_head":"<!-- This site is optimized with the Yoast SEO plugin v24.8 - https:\/\/yoast.com\/wordpress\/plugins\/seo\/ -->\n<title>Cursos - Pas a Pas<\/title>\n<meta name=\"description\" content=\"Descubre los cursos, conferencias y talleres de Pas a Pas, dise\u00f1ados para el aprendizaje y crecimiento personal de todos.\" \/>\n<meta name=\"robots\" content=\"index, follow, max-snippet:-1, max-image-preview:large, max-video-preview:-1\" \/>\n<link rel=\"canonical\" href=\"https:\/\/pasapas.es\/es\/cursos\/\" \/>\n<meta property=\"og:locale\" content=\"es_ES\" \/>\n<meta property=\"og:type\" content=\"article\" \/>\n<meta property=\"og:title\" content=\"Cursos - Pas a Pas\" \/>\n<meta property=\"og:description\" content=\"Descubre los cursos, conferencias y talleres de Pas a Pas, dise\u00f1ados para el aprendizaje y crecimiento personal de todos.\" \/>\n<meta property=\"og:url\" content=\"https:\/\/pasapas.es\/es\/cursos\/\" \/>\n<meta property=\"og:site_name\" content=\"Pas a Pas\" \/>\n<meta property=\"article:modified_time\" content=\"2025-05-09T07:00:16+00:00\" \/>\n<meta property=\"og:image\" content=\"https:\/\/pasapas.es\/wp-content\/uploads\/2025\/04\/masaje-infantil-pas-a-pas.jpg\" \/>\n\t<meta property=\"og:image:width\" content=\"768\" \/>\n\t<meta property=\"og:image:height\" content=\"553\" \/>\n\t<meta property=\"og:image:type\" content=\"image\/jpeg\" \/>\n<meta name=\"twitter:card\" content=\"summary_large_image\" \/>\n<meta name=\"twitter:label1\" content=\"Tiempo de lectura\" \/>\n\t<meta name=\"twitter:data1\" content=\"11 minutos\" \/>\n<script type=\"application\/ld+json\" class=\"yoast-schema-graph\">{\"@context\":\"https:\/\/schema.org\",\"@graph\":[{\"@type\":\"WebPage\",\"@id\":\"https:\/\/pasapas.es\/es\/cursos\/\",\"url\":\"https:\/\/pasapas.es\/es\/cursos\/\",\"name\":\"Cursos - Pas a Pas\",\"isPartOf\":{\"@id\":\"https:\/\/pasapas.es\/es\/#website\"},\"primaryImageOfPage\":{\"@id\":\"https:\/\/pasapas.es\/es\/cursos\/#primaryimage\"},\"image\":{\"@id\":\"https:\/\/pasapas.es\/es\/cursos\/#primaryimage\"},\"thumbnailUrl\":\"https:\/\/pasapas.es\/wp-content\/uploads\/2025\/04\/masaje-infantil-pas-a-pas-300x216.jpg\",\"datePublished\":\"2025-04-03T06:49:42+00:00\",\"dateModified\":\"2025-05-09T07:00:16+00:00\",\"description\":\"Descubre los cursos, conferencias y talleres de Pas a Pas, dise\u00f1ados para el aprendizaje y crecimiento personal de todos.\",\"breadcrumb\":{\"@id\":\"https:\/\/pasapas.es\/es\/cursos\/#breadcrumb\"},\"inLanguage\":\"es\",\"potentialAction\":[{\"@type\":\"ReadAction\",\"target\":[\"https:\/\/pasapas.es\/es\/cursos\/\"]}]},{\"@type\":\"ImageObject\",\"inLanguage\":\"es\",\"@id\":\"https:\/\/pasapas.es\/es\/cursos\/#primaryimage\",\"url\":\"https:\/\/pasapas.es\/wp-content\/uploads\/2025\/04\/masaje-infantil-pas-a-pas-300x216.jpg\",\"contentUrl\":\"https:\/\/pasapas.es\/wp-content\/uploads\/2025\/04\/masaje-infantil-pas-a-pas-300x216.jpg\"},{\"@type\":\"BreadcrumbList\",\"@id\":\"https:\/\/pasapas.es\/es\/cursos\/#breadcrumb\",\"itemListElement\":[{\"@type\":\"ListItem\",\"position\":1,\"name\":\"Portada\",\"item\":\"https:\/\/pasapas.es\/es\/inicio\/\"},{\"@type\":\"ListItem\",\"position\":2,\"name\":\"Cursos\"}]},{\"@type\":\"WebSite\",\"@id\":\"https:\/\/pasapas.es\/es\/#website\",\"url\":\"https:\/\/pasapas.es\/es\/\",\"name\":\"Pas a Pas\",\"description\":\"\",\"potentialAction\":[{\"@type\":\"SearchAction\",\"target\":{\"@type\":\"EntryPoint\",\"urlTemplate\":\"https:\/\/pasapas.es\/es\/?s={search_term_string}\"},\"query-input\":{\"@type\":\"PropertyValueSpecification\",\"valueRequired\":true,\"valueName\":\"search_term_string\"}}],\"inLanguage\":\"es\"}]}<\/script>\n<!-- \/ Yoast SEO plugin. -->","yoast_head_json":{"title":"Cursos - Pas a Pas","description":"Descubre los cursos, conferencias y talleres de Pas a Pas, dise\u00f1ados para el aprendizaje y crecimiento personal de todos.","robots":{"index":"index","follow":"follow","max-snippet":"max-snippet:-1","max-image-preview":"max-image-preview:large","max-video-preview":"max-video-preview:-1"},"canonical":"https:\/\/pasapas.es\/es\/cursos\/","og_locale":"es_ES","og_type":"article","og_title":"Cursos - Pas a Pas","og_description":"Descubre los cursos, conferencias y talleres de Pas a Pas, dise\u00f1ados para el aprendizaje y crecimiento personal de todos.","og_url":"https:\/\/pasapas.es\/es\/cursos\/","og_site_name":"Pas a Pas","article_modified_time":"2025-05-09T07:00:16+00:00","og_image":[{"width":768,"height":553,"url":"https:\/\/pasapas.es\/wp-content\/uploads\/2025\/04\/masaje-infantil-pas-a-pas.jpg","type":"image\/jpeg"}],"twitter_card":"summary_large_image","twitter_misc":{"Tiempo de lectura":"11 minutos"},"schema":{"@context":"https:\/\/schema.org","@graph":[{"@type":"WebPage","@id":"https:\/\/pasapas.es\/es\/cursos\/","url":"https:\/\/pasapas.es\/es\/cursos\/","name":"Cursos - Pas a Pas","isPartOf":{"@id":"https:\/\/pasapas.es\/es\/#website"},"primaryImageOfPage":{"@id":"https:\/\/pasapas.es\/es\/cursos\/#primaryimage"},"image":{"@id":"https:\/\/pasapas.es\/es\/cursos\/#primaryimage"},"thumbnailUrl":"https:\/\/pasapas.es\/wp-content\/uploads\/2025\/04\/masaje-infantil-pas-a-pas-300x216.jpg","datePublished":"2025-04-03T06:49:42+00:00","dateModified":"2025-05-09T07:00:16+00:00","description":"Descubre los cursos, conferencias y talleres de Pas a Pas, dise\u00f1ados para el aprendizaje y crecimiento personal de todos.","breadcrumb":{"@id":"https:\/\/pasapas.es\/es\/cursos\/#breadcrumb"},"inLanguage":"es","potentialAction":[{"@type":"ReadAction","target":["https:\/\/pasapas.es\/es\/cursos\/"]}]},{"@type":"ImageObject","inLanguage":"es","@id":"https:\/\/pasapas.es\/es\/cursos\/#primaryimage","url":"https:\/\/pasapas.es\/wp-content\/uploads\/2025\/04\/masaje-infantil-pas-a-pas-300x216.jpg","contentUrl":"https:\/\/pasapas.es\/wp-content\/uploads\/2025\/04\/masaje-infantil-pas-a-pas-300x216.jpg"},{"@type":"BreadcrumbList","@id":"https:\/\/pasapas.es\/es\/cursos\/#breadcrumb","itemListElement":[{"@type":"ListItem","position":1,"name":"Portada","item":"https:\/\/pasapas.es\/es\/inicio\/"},{"@type":"ListItem","position":2,"name":"Cursos"}]},{"@type":"WebSite","@id":"https:\/\/pasapas.es\/es\/#website","url":"https:\/\/pasapas.es\/es\/","name":"Pas a Pas","description":"","potentialAction":[{"@type":"SearchAction","target":{"@type":"EntryPoint","urlTemplate":"https:\/\/pasapas.es\/es\/?s={search_term_string}"},"query-input":{"@type":"PropertyValueSpecification","valueRequired":true,"valueName":"search_term_string"}}],"inLanguage":"es"}]}},"_links":{"self":[{"href":"https:\/\/pasapas.es\/es\/wp-json\/wp\/v2\/pages\/6646","targetHints":{"allow":["GET"]}}],"collection":[{"href":"https:\/\/pasapas.es\/es\/wp-json\/wp\/v2\/pages"}],"about":[{"href":"https:\/\/pasapas.es\/es\/wp-json\/wp\/v2\/types\/page"}],"author":[{"embeddable":true,"href":"https:\/\/pasapas.es\/es\/wp-json\/wp\/v2\/users\/1"}],"replies":[{"embeddable":true,"href":"https:\/\/pasapas.es\/es\/wp-json\/wp\/v2\/comments?post=6646"}],"version-history":[{"count":21,"href":"https:\/\/pasapas.es\/es\/wp-json\/wp\/v2\/pages\/6646\/revisions"}],"predecessor-version":[{"id":7200,"href":"https:\/\/pasapas.es\/es\/wp-json\/wp\/v2\/pages\/6646\/revisions\/7200"}],"wp:attachment":[{"href":"https:\/\/pasapas.es\/es\/wp-json\/wp\/v2\/media?parent=6646"}],"curies":[{"name":"wp","href":"https:\/\/api.w.org\/{rel}","templated":true}]}}